{"id":13301,"date":"2019-01-31T09:15:06","date_gmt":"2019-01-31T15:15:06","guid":{"rendered":"https:\/\/guatemalacvb.com\/?post_type=tribe_events&amp;p=4434"},"modified":"2019-01-31T09:15:06","modified_gmt":"2019-01-31T15:15:06","slug":"producer-roaster-forum-guatemala-2019","status":"publish","type":"tribe_events","link":"https:\/\/guatemalacvb.com\/en\/event\/producer-roaster-forum-guatemala-2019\/","title":{"rendered":"Producer Roaster Forum Guatemala 2019"},"content":{"rendered":"<p><span style=\"font-weight: 400\">\u00bfEst\u00e1s en busca de construir relaciones de negocios valiosas? \u00bfConversar y aprender sobre los obst\u00e1culos e innovaciones m\u00e1s recientes en la industria del caf\u00e9? Y, \u00bfcatar y comprar caf\u00e9s excepcionales, incluyendo procesos experimentales?<\/span><\/p>\n<p><span style=\"font-weight: 400\">En colaboraci\u00f3n con Guatemalan Coffees, estamos orgullosos de anunciar el pr\u00f3ximo Producer &amp; Roaster Forum lo cual se organizara en Guatemala, l\u00edder como pa\u00eds origen. Adem\u00e1s en el Producer &amp; Roaster Forum, en colaboraci\u00f3n con Yave, se lanzar\u00e1 la primera subasta de caf\u00e9 que utiliza blockchain.<\/span><\/p>\n<p><span style=\"font-weight: 400\">Durante 2 d\u00edas, tendr\u00e1s la oportunidad de escuchar ponencias internacionales, aprender sobre la industria desde producci\u00f3n hasta consumo durante paneles con expertos, catar caf\u00e9s de todo el mundo, ser part\u00edcipe de los debates m\u00e1s recientes sobre innovaci\u00f3n en la industria y mucho m\u00e1s.<\/span><\/p>\n<p><span style=\"font-weight: 400\">\u00bfPor qu\u00e9 Guatemala? Con m\u00e1s de 125,000 productores y 8 regiones de caf\u00e9 muy distintas, Guatemala ofrece una gran variedad de perfiles de caf\u00e9. Dentro de cada regi\u00f3n, hay variedades y &#8216;terroirs&#8217; \u00fanicos. Productores j\u00f3venes e innovadores est\u00e1n tomando ventaja de los 300+ microclimas con los que cuenta el pa\u00eds y experimentando con m\u00e9todos de procesamientos ex\u00f3ticos, honeys, naturales, en adici\u00f3n al proceso lavado de lo cual se caracteriza mucho Guatemala.<\/span><\/p>\n<p><span style=\"font-weight: 400\">Las ediciones pasadas tanto en El Salvador como en Brasil, generaron ventas de caf\u00e9 verde significativas que llevaron a conversaciones y reflexiones sobre temas desde c\u00f3mo los compradores de caf\u00e9 de especialidad pueden mejorar su relaci\u00f3n con los productores hasta c\u00f3mo contratar a los empleados correctos y como la industria del caf\u00e9 de especialidad puede aprender de la industria del cacao fino. Los invitados vinieron de Asia, Medio Oriente, Europa, \u00c1frica, Am\u00e9rica del Norte y Am\u00e9rica del Sur. Te dejamos el recap del evento en Brasil.<\/span><\/p>\n<p>&nbsp;<\/p>\n<p><span style=\"font-weight: 400\">Lugar: Edificio Anacaf\u00e9, Zona 14, Ciudad de Guatemala<\/span><\/p>\n<p><span style=\"font-weight: 400\">Fecha: 20 y 25 de mayo 2019<\/span><\/p>\n<p><span style=\"font-weight: 400\">Incluye:<\/span><\/p>\n<ul>\n<li style=\"font-weight: 400\"><span style=\"font-weight: 400\">Charlas educativas presentadas por conferencistas expertos de todo el mundo<\/span><\/li>\n<li style=\"font-weight: 400\"><span style=\"font-weight: 400\">Paneles de discusi\u00f3n liderados por profesionales reconocidos dentro de la industria<\/span><\/li>\n<li style=\"font-weight: 400\"><span style=\"font-weight: 400\">Cata de caf\u00e9s de Guatemala e internacionales<\/span><\/li>\n<li style=\"font-weight: 400\"><span style=\"font-weight: 400\">Latte Art Throwdown<\/span><\/li>\n<li style=\"font-weight: 400\"><span style=\"font-weight: 400\">Networking con m\u00e1s de 50 invitados internacionales y 150 invitados nacionales<\/span><\/li>\n<\/ul>\n<p><span style=\"font-weight: 400\">M\u00e1s informaci\u00f3n: <\/span><a href=\"https:\/\/www.eventbrite.co.uk\/e\/producer-roaster-forum-guatemala-2019-tickets-52010300208\"><span style=\"font-weight: 400\">https:\/\/www.eventbrite.co.uk\/e\/producer-roaster-forum-guatemala-2019-tickets-52010300208<\/span><\/a><\/p>\n","protected":false},"excerpt":{"rendered":"<p>Durante 2 d\u00edas tendr\u00e1 la oportunidad de escuchar ponencias internacionales, aprender sobre la industria desde producci\u00f3n hasta consumo durante paneles con expertos, catar caf\u00e9s de todo el mundo, ser part\u00edcipe de los debates m\u00e1s recientes sobre innovaci\u00f3n en la industria y mucho m\u00e1s.<\/p>\n<p>Lugar: Edificio Anacaf\u00e9, Zona 14, Ciudad de Guatemala<br \/>\nFecha: 20 y 25 de mayo 2019<br \/>\nM\u00e1s informaci\u00f3n: https:\/\/www.eventbrite.co.uk\/e\/producer-roaster-forum-guatemala-2019-tickets-52010300208<\/p>\n","protected":false},"author":17,"featured_media":4435,"comment_status":"open","ping_status":"closed","template":"","meta":{"_et_pb_use_builder":"","_et_pb_old_content":"","_et_gb_content_width":"","_tribe_events_status":"","_tribe_events_status_reason":"","footnotes":""},"tags":[],"tribe_events_cat":[],"class_list":["post-13301","tribe_events","type-tribe_events","status-publish","has-post-thumbnail","hentry"],"yoast_head":"<!-- This site is optimized with the Yoast SEO plugin v25.0 - https:\/\/yoast.com\/wordpress\/plugins\/seo\/ -->\n<title>Producer Roaster Forum Guatemala 2019 - Bur\u00f3 de Convenciones de Guatemala<\/title>\n<meta name=\"robots\" content=\"index, follow, max-snippet:-1, max-image-preview:large, max-video-preview:-1\" \/>\n<link rel=\"canonical\" href=\"https:\/\/guatemalacvb.com\/event\/producer-roaster-forum-guatemala-2019\/\" \/>\n<meta property=\"og:locale\" content=\"en_US\" \/>\n<meta property=\"og:type\" content=\"article\" \/>\n<meta property=\"og:title\" content=\"Producer Roaster Forum Guatemala 2019 - Bur\u00f3 de Convenciones de Guatemala\" \/>\n<meta property=\"og:description\" content=\"Durante 2 d\u00edas tendr\u00e1 la oportunidad de escuchar ponencias internacionales, aprender sobre la industria desde producci\u00f3n hasta consumo durante paneles con expertos, catar caf\u00e9s de todo el mundo, ser part\u00edcipe de los debates m\u00e1s recientes sobre innovaci\u00f3n en la industria y mucho m\u00e1s. Lugar: Edificio Anacaf\u00e9, Zona 14, Ciudad de Guatemala Fecha: 20 y 25 de mayo 2019 M\u00e1s informaci\u00f3n: https:\/\/www.eventbrite.co.uk\/e\/producer-roaster-forum-guatemala-2019-tickets-52010300208\" \/>\n<meta property=\"og:url\" content=\"https:\/\/guatemalacvb.com\/event\/producer-roaster-forum-guatemala-2019\/\" \/>\n<meta property=\"og:site_name\" content=\"Bur\u00f3 de Convenciones de Guatemala\" \/>\n<meta property=\"article:publisher\" content=\"https:\/\/www.facebook.com\/BuroDeConvencionesGuatemala\/\" \/>\n<meta name=\"twitter:card\" content=\"summary_large_image\" \/>\n<meta name=\"twitter:site\" content=\"@guatemalacvb\" \/>\n<meta name=\"twitter:label1\" content=\"Est. reading time\" \/>\n\t<meta name=\"twitter:data1\" content=\"2 minutes\" \/>\n<script type=\"application\/ld+json\" class=\"yoast-schema-graph\">{\"@context\":\"https:\/\/schema.org\",\"@graph\":[{\"@type\":\"WebPage\",\"@id\":\"https:\/\/guatemalacvb.com\/event\/producer-roaster-forum-guatemala-2019\/\",\"url\":\"https:\/\/guatemalacvb.com\/event\/producer-roaster-forum-guatemala-2019\/\",\"name\":\"Producer Roaster Forum Guatemala 2019 - Bur\u00f3 de Convenciones de Guatemala\",\"isPartOf\":{\"@id\":\"https:\/\/guatemalacvb.com\/#website\"},\"primaryImageOfPage\":{\"@id\":\"https:\/\/guatemalacvb.com\/event\/producer-roaster-forum-guatemala-2019\/#primaryimage\"},\"image\":{\"@id\":\"https:\/\/guatemalacvb.com\/event\/producer-roaster-forum-guatemala-2019\/#primaryimage\"},\"thumbnailUrl\":\"\",\"datePublished\":\"2019-01-31T15:15:06+00:00\",\"breadcrumb\":{\"@id\":\"https:\/\/guatemalacvb.com\/event\/producer-roaster-forum-guatemala-2019\/#breadcrumb\"},\"inLanguage\":\"en-US\",\"potentialAction\":[{\"@type\":\"ReadAction\",\"target\":[\"https:\/\/guatemalacvb.com\/event\/producer-roaster-forum-guatemala-2019\/\"]}]},{\"@type\":\"ImageObject\",\"inLanguage\":\"en-US\",\"@id\":\"https:\/\/guatemalacvb.com\/event\/producer-roaster-forum-guatemala-2019\/#primaryimage\",\"url\":\"\",\"contentUrl\":\"\"},{\"@type\":\"BreadcrumbList\",\"@id\":\"https:\/\/guatemalacvb.com\/event\/producer-roaster-forum-guatemala-2019\/#breadcrumb\",\"itemListElement\":[{\"@type\":\"ListItem\",\"position\":1,\"name\":\"Portada\",\"item\":\"https:\/\/guatemalacvb.com\/en\/\"},{\"@type\":\"ListItem\",\"position\":2,\"name\":\"Events\",\"item\":\"https:\/\/guatemalacvb.com\/en\/events\/\"},{\"@type\":\"ListItem\",\"position\":3,\"name\":\"Producer Roaster Forum Guatemala 2019\"}]},{\"@type\":\"WebSite\",\"@id\":\"https:\/\/guatemalacvb.com\/#website\",\"url\":\"https:\/\/guatemalacvb.com\/\",\"name\":\"Bur\u00f3 de Convenciones de Guatemala\",\"description\":\"Destino de clase mundial para eventos\",\"publisher\":{\"@id\":\"https:\/\/guatemalacvb.com\/#organization\"},\"potentialAction\":[{\"@type\":\"SearchAction\",\"target\":{\"@type\":\"EntryPoint\",\"urlTemplate\":\"https:\/\/guatemalacvb.com\/?s={search_term_string}\"},\"query-input\":{\"@type\":\"PropertyValueSpecification\",\"valueRequired\":true,\"valueName\":\"search_term_string\"}}],\"inLanguage\":\"en-US\"},{\"@type\":\"Organization\",\"@id\":\"https:\/\/guatemalacvb.com\/#organization\",\"name\":\"Bur\u00f3 de Convenciones de Guatemala\",\"url\":\"https:\/\/guatemalacvb.com\/\",\"logo\":{\"@type\":\"ImageObject\",\"inLanguage\":\"en-US\",\"@id\":\"https:\/\/guatemalacvb.com\/#\/schema\/logo\/image\/\",\"url\":\"https:\/\/guatemalacvb.com\/wp-content\/uploads\/sites\/46\/2021\/09\/menu-logo-2.png\",\"contentUrl\":\"https:\/\/guatemalacvb.com\/wp-content\/uploads\/sites\/46\/2021\/09\/menu-logo-2.png\",\"width\":202,\"height\":96,\"caption\":\"Bur\u00f3 de Convenciones de Guatemala\"},\"image\":{\"@id\":\"https:\/\/guatemalacvb.com\/#\/schema\/logo\/image\/\"},\"sameAs\":[\"https:\/\/www.facebook.com\/BuroDeConvencionesGuatemala\/\",\"https:\/\/x.com\/guatemalacvb\",\"https:\/\/www.instagram.com\/burodeconvencionesdeguatemala\/\",\"https:\/\/www.linkedin.com\/in\/bur\u00f3-de-convenciones-de-guatemala-971526157\"]}]}<\/script>\n<!-- \/ Yoast SEO plugin. -->","yoast_head_json":{"title":"Producer Roaster Forum Guatemala 2019 - Bur\u00f3 de Convenciones de Guatemala","robots":{"index":"index","follow":"follow","max-snippet":"max-snippet:-1","max-image-preview":"max-image-preview:large","max-video-preview":"max-video-preview:-1"},"canonical":"https:\/\/guatemalacvb.com\/event\/producer-roaster-forum-guatemala-2019\/","og_locale":"en_US","og_type":"article","og_title":"Producer Roaster Forum Guatemala 2019 - Bur\u00f3 de Convenciones de Guatemala","og_description":"Durante 2 d\u00edas tendr\u00e1 la oportunidad de escuchar ponencias internacionales, aprender sobre la industria desde producci\u00f3n hasta consumo durante paneles con expertos, catar caf\u00e9s de todo el mundo, ser part\u00edcipe de los debates m\u00e1s recientes sobre innovaci\u00f3n en la industria y mucho m\u00e1s. Lugar: Edificio Anacaf\u00e9, Zona 14, Ciudad de Guatemala Fecha: 20 y 25 de mayo 2019 M\u00e1s informaci\u00f3n: https:\/\/www.eventbrite.co.uk\/e\/producer-roaster-forum-guatemala-2019-tickets-52010300208","og_url":"https:\/\/guatemalacvb.com\/event\/producer-roaster-forum-guatemala-2019\/","og_site_name":"Bur\u00f3 de Convenciones de Guatemala","article_publisher":"https:\/\/www.facebook.com\/BuroDeConvencionesGuatemala\/","twitter_card":"summary_large_image","twitter_site":"@guatemalacvb","twitter_misc":{"Est. reading time":"2 minutes"},"schema":{"@context":"https:\/\/schema.org","@graph":[{"@type":"WebPage","@id":"https:\/\/guatemalacvb.com\/event\/producer-roaster-forum-guatemala-2019\/","url":"https:\/\/guatemalacvb.com\/event\/producer-roaster-forum-guatemala-2019\/","name":"Producer Roaster Forum Guatemala 2019 - Bur\u00f3 de Convenciones de Guatemala","isPartOf":{"@id":"https:\/\/guatemalacvb.com\/#website"},"primaryImageOfPage":{"@id":"https:\/\/guatemalacvb.com\/event\/producer-roaster-forum-guatemala-2019\/#primaryimage"},"image":{"@id":"https:\/\/guatemalacvb.com\/event\/producer-roaster-forum-guatemala-2019\/#primaryimage"},"thumbnailUrl":"","datePublished":"2019-01-31T15:15:06+00:00","breadcrumb":{"@id":"https:\/\/guatemalacvb.com\/event\/producer-roaster-forum-guatemala-2019\/#breadcrumb"},"inLanguage":"en-US","potentialAction":[{"@type":"ReadAction","target":["https:\/\/guatemalacvb.com\/event\/producer-roaster-forum-guatemala-2019\/"]}]},{"@type":"ImageObject","inLanguage":"en-US","@id":"https:\/\/guatemalacvb.com\/event\/producer-roaster-forum-guatemala-2019\/#primaryimage","url":"","contentUrl":""},{"@type":"BreadcrumbList","@id":"https:\/\/guatemalacvb.com\/event\/producer-roaster-forum-guatemala-2019\/#breadcrumb","itemListElement":[{"@type":"ListItem","position":1,"name":"Portada","item":"https:\/\/guatemalacvb.com\/en\/"},{"@type":"ListItem","position":2,"name":"Events","item":"https:\/\/guatemalacvb.com\/en\/events\/"},{"@type":"ListItem","position":3,"name":"Producer Roaster Forum Guatemala 2019"}]},{"@type":"WebSite","@id":"https:\/\/guatemalacvb.com\/#website","url":"https:\/\/guatemalacvb.com\/","name":"Bur\u00f3 de Convenciones de Guatemala","description":"Destino de clase mundial para eventos","publisher":{"@id":"https:\/\/guatemalacvb.com\/#organization"},"potentialAction":[{"@type":"SearchAction","target":{"@type":"EntryPoint","urlTemplate":"https:\/\/guatemalacvb.com\/?s={search_term_string}"},"query-input":{"@type":"PropertyValueSpecification","valueRequired":true,"valueName":"search_term_string"}}],"inLanguage":"en-US"},{"@type":"Organization","@id":"https:\/\/guatemalacvb.com\/#organization","name":"Bur\u00f3 de Convenciones de Guatemala","url":"https:\/\/guatemalacvb.com\/","logo":{"@type":"ImageObject","inLanguage":"en-US","@id":"https:\/\/guatemalacvb.com\/#\/schema\/logo\/image\/","url":"https:\/\/guatemalacvb.com\/wp-content\/uploads\/sites\/46\/2021\/09\/menu-logo-2.png","contentUrl":"https:\/\/guatemalacvb.com\/wp-content\/uploads\/sites\/46\/2021\/09\/menu-logo-2.png","width":202,"height":96,"caption":"Bur\u00f3 de Convenciones de Guatemala"},"image":{"@id":"https:\/\/guatemalacvb.com\/#\/schema\/logo\/image\/"},"sameAs":["https:\/\/www.facebook.com\/BuroDeConvencionesGuatemala\/","https:\/\/x.com\/guatemalacvb","https:\/\/www.instagram.com\/burodeconvencionesdeguatemala\/","https:\/\/www.linkedin.com\/in\/bur\u00f3-de-convenciones-de-guatemala-971526157"]}]}},"_links":{"self":[{"href":"https:\/\/guatemalacvb.com\/en\/wp-json\/wp\/v2\/tribe_events\/13301","targetHints":{"allow":["GET"]}}],"collection":[{"href":"https:\/\/guatemalacvb.com\/en\/wp-json\/wp\/v2\/tribe_events"}],"about":[{"href":"https:\/\/guatemalacvb.com\/en\/wp-json\/wp\/v2\/types\/tribe_events"}],"author":[{"embeddable":true,"href":"https:\/\/guatemalacvb.com\/en\/wp-json\/wp\/v2\/users\/17"}],"replies":[{"embeddable":true,"href":"https:\/\/guatemalacvb.com\/en\/wp-json\/wp\/v2\/comments?post=13301"}],"version-history":[{"count":0,"href":"https:\/\/guatemalacvb.com\/en\/wp-json\/wp\/v2\/tribe_events\/13301\/revisions"}],"wp:featuredmedia":[{"embeddable":true,"href":"https:\/\/guatemalacvb.com\/en\/wp-json\/"}],"wp:attachment":[{"href":"https:\/\/guatemalacvb.com\/en\/wp-json\/wp\/v2\/media?parent=13301"}],"wp:term":[{"taxonomy":"post_tag","embeddable":true,"href":"https:\/\/guatemalacvb.com\/en\/wp-json\/wp\/v2\/tags?post=13301"},{"taxonomy":"tribe_events_cat","embeddable":true,"href":"https:\/\/guatemalacvb.com\/en\/wp-json\/wp\/v2\/tribe_events_cat?post=13301"}],"curies":[{"name":"wp","href":"https:\/\/api.w.org\/{rel}","templated":true}]}}