{"id":13597,"date":"2021-09-07T10:21:40","date_gmt":"2021-09-07T16:21:40","guid":{"rendered":"https:\/\/guatemalacvb.com\/?post_type=tribe_events&#038;p=11134"},"modified":"2021-10-27T17:38:59","modified_gmt":"2021-10-27T17:38:59","slug":"conferencia-virtual-habilidades-de-poder","status":"publish","type":"tribe_events","link":"https:\/\/guatemalacvb.com\/en\/event\/conferencia-virtual-habilidades-de-poder\/","title":{"rendered":"Conferencia virtual HABILIDADES DE PODER"},"content":{"rendered":"<div>Te invitamos a participar en la Conferencia virtual sin costo HABILIDADES DE PODER<\/div>\n<div>Conoce las habilidades que te har\u00e1n sobresalir ante los retos actuales, impartida por nuestra invitada de honor Ruby E. Ortiz<\/div>\n<div>Martes 21 de septiembre de 08:30 a 09:30 horas (hora de Guatemala) hora CDMX 09:30 a 10:30, hora de Miami de 10:30 a 11:30<\/div>\n<div><\/div>\n<div>Registro en:\u00a0<a href=\"https:\/\/us02web.zoom.us\/meeting\/register\/tZIkcO2urzkiHNcv3Ls2fozsEY_6Sa5cbfYT\" target=\"_blank\" rel=\"noopener\" data-saferedirecturl=\"https:\/\/www.google.com\/url?q=https:\/\/us02web.zoom.us\/meeting\/register\/tZIkcO2urzkiHNcv3Ls2fozsEY_6Sa5cbfYT&amp;source=gmail&amp;ust=1631113252972000&amp;usg=AFQjCNFLcLD795MxFeFD7fmczS5-yAHuhg\">https:\/\/us02web.zoom.us\/meeting\/register\/tZIkcO2urzkiHNcv3Ls2fozsEY_6Sa5cbfYT<\/a><\/div>\n<div>\n<p>&nbsp;<\/p>\n<div>\n<div dir=\"ltr\">\n<div dir=\"ltr\">\n<div dir=\"ltr\">\n<div dir=\"ltr\">\n<div dir=\"ltr\">\n<div dir=\"ltr\">\n<div dir=\"ltr\">\n<div dir=\"ltr\">\n<div dir=\"ltr\">\n<div dir=\"ltr\">\n<div dir=\"ltr\">\n<div dir=\"ltr\">\n<div dir=\"ltr\">\n<div>Despu\u00e9s de registrarte, recibir\u00e1s un correo de confirmaci\u00f3n con el enlace para ingresar a la conferencia.<\/div>\n<div><\/div>\n<div>Nos vemos pronto.<\/div>\n<div><\/div>\n<div>\n<div>#IndustriaDeReuniones #MeetingsGuatemala #Guatemala #EventosGuatemala #BicentenarioGuatemala<\/div>\n<\/div>\n<\/div>\n<\/div>\n<\/div>\n<\/div>\n<\/div>\n<\/div>\n<\/div>\n<\/div>\n<\/div>\n<\/div>\n<\/div>\n<\/div>\n<\/div>\n<\/div>\n<\/div>\n","protected":false},"excerpt":{"rendered":"<p>Te invitamos a participar en la Conferencia virtual sin costo HABILIDADES DE PODER Conoce las habilidades que te har\u00e1n sobresalir ante los retos actuales, impartida por nuestra invitada de honor [&hellip;]<\/p>\n","protected":false},"author":17,"featured_media":13676,"comment_status":"open","ping_status":"closed","template":"","meta":{"_et_pb_use_builder":"","_et_pb_old_content":"","_et_gb_content_width":"","_tribe_events_status":"","_tribe_events_status_reason":"","footnotes":""},"tags":[],"tribe_events_cat":[],"class_list":["post-13597","tribe_events","type-tribe_events","status-publish","has-post-thumbnail","hentry"],"yoast_head":"<!-- This site is optimized with the Yoast SEO plugin v25.0 - https:\/\/yoast.com\/wordpress\/plugins\/seo\/ -->\n<title>Conferencia virtual HABILIDADES DE PODER - Bur\u00f3 de Convenciones de Guatemala<\/title>\n<meta name=\"robots\" content=\"index, follow, max-snippet:-1, max-image-preview:large, max-video-preview:-1\" \/>\n<link rel=\"canonical\" href=\"https:\/\/guatemalacvb.com\/event\/conferencia-virtual-habilidades-de-poder\/\" \/>\n<meta property=\"og:locale\" content=\"en_US\" \/>\n<meta property=\"og:type\" content=\"article\" \/>\n<meta property=\"og:title\" content=\"Conferencia virtual HABILIDADES DE PODER - Bur\u00f3 de Convenciones de Guatemala\" \/>\n<meta property=\"og:description\" content=\"Te invitamos a participar en la Conferencia virtual sin costo HABILIDADES DE PODER Conoce las habilidades que te har\u00e1n sobresalir ante los retos actuales, impartida por nuestra invitada de honor [&hellip;]\" \/>\n<meta property=\"og:url\" content=\"https:\/\/guatemalacvb.com\/event\/conferencia-virtual-habilidades-de-poder\/\" \/>\n<meta property=\"og:site_name\" content=\"Bur\u00f3 de Convenciones de Guatemala\" \/>\n<meta property=\"article:publisher\" content=\"https:\/\/www.facebook.com\/BuroDeConvencionesGuatemala\/\" \/>\n<meta property=\"article:modified_time\" content=\"2021-10-27T17:38:59+00:00\" \/>\n<meta property=\"og:image\" content=\"https:\/\/guatemalacvb.com\/wp-content\/uploads\/sites\/46\/2021\/09\/Conferencia-Habilidades-de-poder-21-de-septiembre-1.jpeg\" \/>\n\t<meta property=\"og:image:width\" content=\"907\" \/>\n\t<meta property=\"og:image:height\" content=\"1280\" \/>\n\t<meta property=\"og:image:type\" content=\"image\/jpeg\" \/>\n<meta name=\"twitter:card\" content=\"summary_large_image\" \/>\n<meta name=\"twitter:site\" content=\"@guatemalacvb\" \/>\n<meta name=\"twitter:label1\" content=\"Est. reading time\" \/>\n\t<meta name=\"twitter:data1\" content=\"1 minute\" \/>\n<script type=\"application\/ld+json\" class=\"yoast-schema-graph\">{\"@context\":\"https:\/\/schema.org\",\"@graph\":[{\"@type\":\"WebPage\",\"@id\":\"https:\/\/guatemalacvb.com\/event\/conferencia-virtual-habilidades-de-poder\/\",\"url\":\"https:\/\/guatemalacvb.com\/event\/conferencia-virtual-habilidades-de-poder\/\",\"name\":\"Conferencia virtual HABILIDADES DE PODER - Bur\u00f3 de Convenciones de Guatemala\",\"isPartOf\":{\"@id\":\"https:\/\/guatemalacvb.com\/#website\"},\"primaryImageOfPage\":{\"@id\":\"https:\/\/guatemalacvb.com\/event\/conferencia-virtual-habilidades-de-poder\/#primaryimage\"},\"image\":{\"@id\":\"https:\/\/guatemalacvb.com\/event\/conferencia-virtual-habilidades-de-poder\/#primaryimage\"},\"thumbnailUrl\":\"https:\/\/guatemalacvb.com\/wp-content\/uploads\/sites\/46\/2021\/09\/Conferencia-Habilidades-de-poder-21-de-septiembre-1.jpeg\",\"datePublished\":\"2021-09-07T16:21:40+00:00\",\"dateModified\":\"2021-10-27T17:38:59+00:00\",\"breadcrumb\":{\"@id\":\"https:\/\/guatemalacvb.com\/event\/conferencia-virtual-habilidades-de-poder\/#breadcrumb\"},\"inLanguage\":\"en-US\",\"potentialAction\":[{\"@type\":\"ReadAction\",\"target\":[\"https:\/\/guatemalacvb.com\/event\/conferencia-virtual-habilidades-de-poder\/\"]}]},{\"@type\":\"ImageObject\",\"inLanguage\":\"en-US\",\"@id\":\"https:\/\/guatemalacvb.com\/event\/conferencia-virtual-habilidades-de-poder\/#primaryimage\",\"url\":\"https:\/\/guatemalacvb.com\/wp-content\/uploads\/sites\/46\/2021\/09\/Conferencia-Habilidades-de-poder-21-de-septiembre-1.jpeg\",\"contentUrl\":\"https:\/\/guatemalacvb.com\/wp-content\/uploads\/sites\/46\/2021\/09\/Conferencia-Habilidades-de-poder-21-de-septiembre-1.jpeg\",\"width\":907,\"height\":1280},{\"@type\":\"BreadcrumbList\",\"@id\":\"https:\/\/guatemalacvb.com\/event\/conferencia-virtual-habilidades-de-poder\/#breadcrumb\",\"itemListElement\":[{\"@type\":\"ListItem\",\"position\":1,\"name\":\"Portada\",\"item\":\"https:\/\/guatemalacvb.com\/en\/\"},{\"@type\":\"ListItem\",\"position\":2,\"name\":\"Events\",\"item\":\"https:\/\/guatemalacvb.com\/en\/events\/\"},{\"@type\":\"ListItem\",\"position\":3,\"name\":\"Conferencia virtual HABILIDADES DE PODER\"}]},{\"@type\":\"WebSite\",\"@id\":\"https:\/\/guatemalacvb.com\/#website\",\"url\":\"https:\/\/guatemalacvb.com\/\",\"name\":\"Bur\u00f3 de Convenciones de Guatemala\",\"description\":\"Destino de clase mundial para eventos\",\"publisher\":{\"@id\":\"https:\/\/guatemalacvb.com\/#organization\"},\"potentialAction\":[{\"@type\":\"SearchAction\",\"target\":{\"@type\":\"EntryPoint\",\"urlTemplate\":\"https:\/\/guatemalacvb.com\/?s={search_term_string}\"},\"query-input\":{\"@type\":\"PropertyValueSpecification\",\"valueRequired\":true,\"valueName\":\"search_term_string\"}}],\"inLanguage\":\"en-US\"},{\"@type\":\"Organization\",\"@id\":\"https:\/\/guatemalacvb.com\/#organization\",\"name\":\"Bur\u00f3 de Convenciones de Guatemala\",\"url\":\"https:\/\/guatemalacvb.com\/\",\"logo\":{\"@type\":\"ImageObject\",\"inLanguage\":\"en-US\",\"@id\":\"https:\/\/guatemalacvb.com\/#\/schema\/logo\/image\/\",\"url\":\"https:\/\/guatemalacvb.com\/wp-content\/uploads\/sites\/46\/2021\/09\/menu-logo-2.png\",\"contentUrl\":\"https:\/\/guatemalacvb.com\/wp-content\/uploads\/sites\/46\/2021\/09\/menu-logo-2.png\",\"width\":202,\"height\":96,\"caption\":\"Bur\u00f3 de Convenciones de Guatemala\"},\"image\":{\"@id\":\"https:\/\/guatemalacvb.com\/#\/schema\/logo\/image\/\"},\"sameAs\":[\"https:\/\/www.facebook.com\/BuroDeConvencionesGuatemala\/\",\"https:\/\/x.com\/guatemalacvb\",\"https:\/\/www.instagram.com\/burodeconvencionesdeguatemala\/\",\"https:\/\/www.linkedin.com\/in\/bur\u00f3-de-convenciones-de-guatemala-971526157\"]}]}<\/script>\n<!-- \/ Yoast SEO plugin. -->","yoast_head_json":{"title":"Conferencia virtual HABILIDADES DE PODER - Bur\u00f3 de Convenciones de Guatemala","robots":{"index":"index","follow":"follow","max-snippet":"max-snippet:-1","max-image-preview":"max-image-preview:large","max-video-preview":"max-video-preview:-1"},"canonical":"https:\/\/guatemalacvb.com\/event\/conferencia-virtual-habilidades-de-poder\/","og_locale":"en_US","og_type":"article","og_title":"Conferencia virtual HABILIDADES DE PODER - Bur\u00f3 de Convenciones de Guatemala","og_description":"Te invitamos a participar en la Conferencia virtual sin costo HABILIDADES DE PODER Conoce las habilidades que te har\u00e1n sobresalir ante los retos actuales, impartida por nuestra invitada de honor [&hellip;]","og_url":"https:\/\/guatemalacvb.com\/event\/conferencia-virtual-habilidades-de-poder\/","og_site_name":"Bur\u00f3 de Convenciones de Guatemala","article_publisher":"https:\/\/www.facebook.com\/BuroDeConvencionesGuatemala\/","article_modified_time":"2021-10-27T17:38:59+00:00","og_image":[{"width":907,"height":1280,"url":"https:\/\/guatemalacvb.com\/wp-content\/uploads\/sites\/46\/2021\/09\/Conferencia-Habilidades-de-poder-21-de-septiembre-1.jpeg","type":"image\/jpeg"}],"twitter_card":"summary_large_image","twitter_site":"@guatemalacvb","twitter_misc":{"Est. reading time":"1 minute"},"schema":{"@context":"https:\/\/schema.org","@graph":[{"@type":"WebPage","@id":"https:\/\/guatemalacvb.com\/event\/conferencia-virtual-habilidades-de-poder\/","url":"https:\/\/guatemalacvb.com\/event\/conferencia-virtual-habilidades-de-poder\/","name":"Conferencia virtual HABILIDADES DE PODER - Bur\u00f3 de Convenciones de Guatemala","isPartOf":{"@id":"https:\/\/guatemalacvb.com\/#website"},"primaryImageOfPage":{"@id":"https:\/\/guatemalacvb.com\/event\/conferencia-virtual-habilidades-de-poder\/#primaryimage"},"image":{"@id":"https:\/\/guatemalacvb.com\/event\/conferencia-virtual-habilidades-de-poder\/#primaryimage"},"thumbnailUrl":"https:\/\/guatemalacvb.com\/wp-content\/uploads\/sites\/46\/2021\/09\/Conferencia-Habilidades-de-poder-21-de-septiembre-1.jpeg","datePublished":"2021-09-07T16:21:40+00:00","dateModified":"2021-10-27T17:38:59+00:00","breadcrumb":{"@id":"https:\/\/guatemalacvb.com\/event\/conferencia-virtual-habilidades-de-poder\/#breadcrumb"},"inLanguage":"en-US","potentialAction":[{"@type":"ReadAction","target":["https:\/\/guatemalacvb.com\/event\/conferencia-virtual-habilidades-de-poder\/"]}]},{"@type":"ImageObject","inLanguage":"en-US","@id":"https:\/\/guatemalacvb.com\/event\/conferencia-virtual-habilidades-de-poder\/#primaryimage","url":"https:\/\/guatemalacvb.com\/wp-content\/uploads\/sites\/46\/2021\/09\/Conferencia-Habilidades-de-poder-21-de-septiembre-1.jpeg","contentUrl":"https:\/\/guatemalacvb.com\/wp-content\/uploads\/sites\/46\/2021\/09\/Conferencia-Habilidades-de-poder-21-de-septiembre-1.jpeg","width":907,"height":1280},{"@type":"BreadcrumbList","@id":"https:\/\/guatemalacvb.com\/event\/conferencia-virtual-habilidades-de-poder\/#breadcrumb","itemListElement":[{"@type":"ListItem","position":1,"name":"Portada","item":"https:\/\/guatemalacvb.com\/en\/"},{"@type":"ListItem","position":2,"name":"Events","item":"https:\/\/guatemalacvb.com\/en\/events\/"},{"@type":"ListItem","position":3,"name":"Conferencia virtual HABILIDADES DE PODER"}]},{"@type":"WebSite","@id":"https:\/\/guatemalacvb.com\/#website","url":"https:\/\/guatemalacvb.com\/","name":"Bur\u00f3 de Convenciones de Guatemala","description":"Destino de clase mundial para eventos","publisher":{"@id":"https:\/\/guatemalacvb.com\/#organization"},"potentialAction":[{"@type":"SearchAction","target":{"@type":"EntryPoint","urlTemplate":"https:\/\/guatemalacvb.com\/?s={search_term_string}"},"query-input":{"@type":"PropertyValueSpecification","valueRequired":true,"valueName":"search_term_string"}}],"inLanguage":"en-US"},{"@type":"Organization","@id":"https:\/\/guatemalacvb.com\/#organization","name":"Bur\u00f3 de Convenciones de Guatemala","url":"https:\/\/guatemalacvb.com\/","logo":{"@type":"ImageObject","inLanguage":"en-US","@id":"https:\/\/guatemalacvb.com\/#\/schema\/logo\/image\/","url":"https:\/\/guatemalacvb.com\/wp-content\/uploads\/sites\/46\/2021\/09\/menu-logo-2.png","contentUrl":"https:\/\/guatemalacvb.com\/wp-content\/uploads\/sites\/46\/2021\/09\/menu-logo-2.png","width":202,"height":96,"caption":"Bur\u00f3 de Convenciones de Guatemala"},"image":{"@id":"https:\/\/guatemalacvb.com\/#\/schema\/logo\/image\/"},"sameAs":["https:\/\/www.facebook.com\/BuroDeConvencionesGuatemala\/","https:\/\/x.com\/guatemalacvb","https:\/\/www.instagram.com\/burodeconvencionesdeguatemala\/","https:\/\/www.linkedin.com\/in\/bur\u00f3-de-convenciones-de-guatemala-971526157"]}]}},"_links":{"self":[{"href":"https:\/\/guatemalacvb.com\/en\/wp-json\/wp\/v2\/tribe_events\/13597","targetHints":{"allow":["GET"]}}],"collection":[{"href":"https:\/\/guatemalacvb.com\/en\/wp-json\/wp\/v2\/tribe_events"}],"about":[{"href":"https:\/\/guatemalacvb.com\/en\/wp-json\/wp\/v2\/types\/tribe_events"}],"author":[{"embeddable":true,"href":"https:\/\/guatemalacvb.com\/en\/wp-json\/wp\/v2\/users\/17"}],"replies":[{"embeddable":true,"href":"https:\/\/guatemalacvb.com\/en\/wp-json\/wp\/v2\/comments?post=13597"}],"version-history":[{"count":0,"href":"https:\/\/guatemalacvb.com\/en\/wp-json\/wp\/v2\/tribe_events\/13597\/revisions"}],"wp:featuredmedia":[{"embeddable":true,"href":"https:\/\/guatemalacvb.com\/en\/wp-json\/wp\/v2\/media\/13676"}],"wp:attachment":[{"href":"https:\/\/guatemalacvb.com\/en\/wp-json\/wp\/v2\/media?parent=13597"}],"wp:term":[{"taxonomy":"post_tag","embeddable":true,"href":"https:\/\/guatemalacvb.com\/en\/wp-json\/wp\/v2\/tags?post=13597"},{"taxonomy":"tribe_events_cat","embeddable":true,"href":"https:\/\/guatemalacvb.com\/en\/wp-json\/wp\/v2\/tribe_events_cat?post=13597"}],"curies":[{"name":"wp","href":"https:\/\/api.w.org\/{rel}","templated":true}]}}