{"id":13604,"date":"2021-10-11T09:08:15","date_gmt":"2021-10-11T15:08:15","guid":{"rendered":"https:\/\/guatemalacvb.com\/?post_type=tribe_events&#038;p=11176"},"modified":"2021-10-27T17:24:46","modified_gmt":"2021-10-27T17:24:46","slug":"expocasa","status":"publish","type":"tribe_events","link":"https:\/\/guatemalacvb.com\/en\/event\/expocasa\/","title":{"rendered":"ExpoCasa"},"content":{"rendered":"<p style=\"font-weight: 400;\">Del 5 al 7 de noviembre en Expocenter\u00a0Tikal Futura se realizar\u00e1 ExpoCasa,\u00a0 ser\u00e1 el\u00a0punto de encuentro de las mejores ofertas\u00a0inmobiliarias, para comprar su casa, apartamento o construir la vivienda de sus sue\u00f1os en un terreno de su propiedad.<\/p>\n<p style=\"font-weight: 400;\">Durante la feria se tendr\u00e1n las mejores opciones de financiamiento y descuentos en los proyectos participantes.<\/p>\n<p style=\"font-weight: 400;\">En la exposici\u00f3n estar\u00e1n m\u00e1s de 55 proyectos habitacionales de casas y apartamentos, diversos bancos, FHA y constructoras en lote propio.<\/p>\n<p>M\u00e1s informaci\u00f3n:\u00a0 Rosy Barrios,\u00a0<a href=\"mailto:eventos2@construguate.com\">eventos2@construguate.com<\/a>\u00a0tel\u00e9fono\u00a03720-9833.\u00a0Paola Rogel,\u00a0<a href=\"mailto:eventos@construguate.com\">eventos@construguate.com<\/a>, tel\u00e9fono\u00a04838-3950<\/p>\n<p><a href=\"https:\/\/www.facebook.com\/hashtag\/industriadereuniones?__eep__=6&amp;__cft__[0]=AZVUvWLwsA_1D35eRjZehqNL9wABR3cVui2PqENoHStpPDpPSqDfbD7-c7pzOn72SeBhfEoCLwSi9wE8Oh8KbZb4QrRVXpCQCl2jODmiJsv5AIwNkcu9SyrkSJC_Bdov0hJnNIJc7j14cQP-WOQMtxqZHupCYnVwcrjx9Dq-XPNuezIF8YAiGEyNHz_rtvSYxUk&amp;__tn__=*NK-R\" data-saferedirecturl=\"https:\/\/www.google.com\/url?q=https:\/\/www.facebook.com\/hashtag\/industriadereuniones?__eep__%3D6%26__cft__%5B0%5D%3DAZVUvWLwsA_1D35eRjZehqNL9wABR3cVui2PqENoHStpPDpPSqDfbD7-c7pzOn72SeBhfEoCLwSi9wE8Oh8KbZb4QrRVXpCQCl2jODmiJsv5AIwNkcu9SyrkSJC_Bdov0hJnNIJc7j14cQP-WOQMtxqZHupCYnVwcrjx9Dq-XPNuezIF8YAiGEyNHz_rtvSYxUk%26__tn__%3D*NK-R&amp;source=gmail&amp;ust=1634051105427000&amp;usg=AFQjCNEzmxYRtkQppWzySVvEvHik1co28g\">#IndustriaDeReuniones<\/a> <a href=\"https:\/\/www.facebook.com\/hashtag\/meetingsguatemala?__eep__=6&amp;__cft__[0]=AZVUvWLwsA_1D35eRjZehqNL9wABR3cVui2PqENoHStpPDpPSqDfbD7-c7pzOn72SeBhfEoCLwSi9wE8Oh8KbZb4QrRVXpCQCl2jODmiJsv5AIwNkcu9SyrkSJC_Bdov0hJnNIJc7j14cQP-WOQMtxqZHupCYnVwcrjx9Dq-XPNuezIF8YAiGEyNHz_rtvSYxUk&amp;__tn__=*NK-R\" data-saferedirecturl=\"https:\/\/www.google.com\/url?q=https:\/\/www.facebook.com\/hashtag\/meetingsguatemala?__eep__%3D6%26__cft__%5B0%5D%3DAZVUvWLwsA_1D35eRjZehqNL9wABR3cVui2PqENoHStpPDpPSqDfbD7-c7pzOn72SeBhfEoCLwSi9wE8Oh8KbZb4QrRVXpCQCl2jODmiJsv5AIwNkcu9SyrkSJC_Bdov0hJnNIJc7j14cQP-WOQMtxqZHupCYnVwcrjx9Dq-XPNuezIF8YAiGEyNHz_rtvSYxUk%26__tn__%3D*NK-R&amp;source=gmail&amp;ust=1634051105427000&amp;usg=AFQjCNGeyJaNCSV-GUOjq_h2zEMi3BKHKQ\">#MeetingsGuatemala<\/a><\/p>\n<p><a href=\"https:\/\/www.facebook.com\/hashtag\/guatemala?__eep__=6&amp;__cft__[0]=AZVUvWLwsA_1D35eRjZehqNL9wABR3cVui2PqENoHStpPDpPSqDfbD7-c7pzOn72SeBhfEoCLwSi9wE8Oh8KbZb4QrRVXpCQCl2jODmiJsv5AIwNkcu9SyrkSJC_Bdov0hJnNIJc7j14cQP-WOQMtxqZHupCYnVwcrjx9Dq-XPNuezIF8YAiGEyNHz_rtvSYxUk&amp;__tn__=*NK-R\" data-saferedirecturl=\"https:\/\/www.google.com\/url?q=https:\/\/www.facebook.com\/hashtag\/guatemala?__eep__%3D6%26__cft__%5B0%5D%3DAZVUvWLwsA_1D35eRjZehqNL9wABR3cVui2PqENoHStpPDpPSqDfbD7-c7pzOn72SeBhfEoCLwSi9wE8Oh8KbZb4QrRVXpCQCl2jODmiJsv5AIwNkcu9SyrkSJC_Bdov0hJnNIJc7j14cQP-WOQMtxqZHupCYnVwcrjx9Dq-XPNuezIF8YAiGEyNHz_rtvSYxUk%26__tn__%3D*NK-R&amp;source=gmail&amp;ust=1634051105427000&amp;usg=AFQjCNHyqEFeiZfNwoPRixP2FROi-OHDxw\">#Guatemala<\/a> <a href=\"https:\/\/www.facebook.com\/hashtag\/eventosguatemala?__eep__=6&amp;__cft__[0]=AZVUvWLwsA_1D35eRjZehqNL9wABR3cVui2PqENoHStpPDpPSqDfbD7-c7pzOn72SeBhfEoCLwSi9wE8Oh8KbZb4QrRVXpCQCl2jODmiJsv5AIwNkcu9SyrkSJC_Bdov0hJnNIJc7j14cQP-WOQMtxqZHupCYnVwcrjx9Dq-XPNuezIF8YAiGEyNHz_rtvSYxUk&amp;__tn__=*NK-R\" data-saferedirecturl=\"https:\/\/www.google.com\/url?q=https:\/\/www.facebook.com\/hashtag\/eventosguatemala?__eep__%3D6%26__cft__%5B0%5D%3DAZVUvWLwsA_1D35eRjZehqNL9wABR3cVui2PqENoHStpPDpPSqDfbD7-c7pzOn72SeBhfEoCLwSi9wE8Oh8KbZb4QrRVXpCQCl2jODmiJsv5AIwNkcu9SyrkSJC_Bdov0hJnNIJc7j14cQP-WOQMtxqZHupCYnVwcrjx9Dq-XPNuezIF8YAiGEyNHz_rtvSYxUk%26__tn__%3D*NK-R&amp;source=gmail&amp;ust=1634051105427000&amp;usg=AFQjCNFUel2AZDpGXYLoUfXJJ4jZbkfIQg\">#EventosGuatemala<\/a> <a href=\"https:\/\/www.facebook.com\/hashtag\/bicentenarioguatemala?__eep__=6&amp;__cft__[0]=AZVUvWLwsA_1D35eRjZehqNL9wABR3cVui2PqENoHStpPDpPSqDfbD7-c7pzOn72SeBhfEoCLwSi9wE8Oh8KbZb4QrRVXpCQCl2jODmiJsv5AIwNkcu9SyrkSJC_Bdov0hJnNIJc7j14cQP-WOQMtxqZHupCYnVwcrjx9Dq-XPNuezIF8YAiGEyNHz_rtvSYxUk&amp;__tn__=*NK-R\" data-saferedirecturl=\"https:\/\/www.google.com\/url?q=https:\/\/www.facebook.com\/hashtag\/bicentenarioguatemala?__eep__%3D6%26__cft__%5B0%5D%3DAZVUvWLwsA_1D35eRjZehqNL9wABR3cVui2PqENoHStpPDpPSqDfbD7-c7pzOn72SeBhfEoCLwSi9wE8Oh8KbZb4QrRVXpCQCl2jODmiJsv5AIwNkcu9SyrkSJC_Bdov0hJnNIJc7j14cQP-WOQMtxqZHupCYnVwcrjx9Dq-XPNuezIF8YAiGEyNHz_rtvSYxUk%26__tn__%3D*NK-R&amp;source=gmail&amp;ust=1634051105427000&amp;usg=AFQjCNFdvALXBQbP0talUaeOJQ6FwR76yQ\">#BicentenarioGuatemala<\/a><\/p>\n","protected":false},"excerpt":{"rendered":"<p>Del 5 al 7 de noviembre en Expocenter\u00a0Tikal Futura se realizar\u00e1 ExpoCasa,\u00a0 ser\u00e1 el\u00a0punto de encuentro de las mejores ofertas\u00a0inmobiliarias, para comprar su casa, apartamento o construir la vivienda de [&hellip;]<\/p>\n","protected":false},"author":17,"featured_media":13628,"comment_status":"open","ping_status":"closed","template":"","meta":{"_et_pb_use_builder":"","_et_pb_old_content":"","_et_gb_content_width":"","_tribe_events_status":"","_tribe_events_status_reason":"","footnotes":""},"tags":[],"tribe_events_cat":[],"class_list":["post-13604","tribe_events","type-tribe_events","status-publish","has-post-thumbnail","hentry"],"yoast_head":"<!-- This site is optimized with the Yoast SEO plugin v25.0 - https:\/\/yoast.com\/wordpress\/plugins\/seo\/ -->\n<title>ExpoCasa - Bur\u00f3 de Convenciones de Guatemala<\/title>\n<meta name=\"robots\" content=\"index, follow, max-snippet:-1, max-image-preview:large, max-video-preview:-1\" \/>\n<link rel=\"canonical\" href=\"https:\/\/guatemalacvb.com\/event\/expocasa\/\" \/>\n<meta property=\"og:locale\" content=\"en_US\" \/>\n<meta property=\"og:type\" content=\"article\" \/>\n<meta property=\"og:title\" content=\"ExpoCasa - Bur\u00f3 de Convenciones de Guatemala\" \/>\n<meta property=\"og:description\" content=\"Del 5 al 7 de noviembre en Expocenter\u00a0Tikal Futura se realizar\u00e1 ExpoCasa,\u00a0 ser\u00e1 el\u00a0punto de encuentro de las mejores ofertas\u00a0inmobiliarias, para comprar su casa, apartamento o construir la vivienda de [&hellip;]\" \/>\n<meta property=\"og:url\" content=\"https:\/\/guatemalacvb.com\/event\/expocasa\/\" \/>\n<meta property=\"og:site_name\" content=\"Bur\u00f3 de Convenciones de Guatemala\" \/>\n<meta property=\"article:publisher\" content=\"https:\/\/www.facebook.com\/BuroDeConvencionesGuatemala\/\" \/>\n<meta property=\"article:modified_time\" content=\"2021-10-27T17:24:46+00:00\" \/>\n<meta property=\"og:image\" content=\"https:\/\/guatemalacvb.com\/wp-content\/uploads\/sites\/46\/2021\/10\/EXPO-CASA-2021.jpg\" \/>\n\t<meta property=\"og:image:width\" content=\"1200\" \/>\n\t<meta property=\"og:image:height\" content=\"628\" \/>\n\t<meta property=\"og:image:type\" content=\"image\/jpeg\" \/>\n<meta name=\"twitter:card\" content=\"summary_large_image\" \/>\n<meta name=\"twitter:site\" content=\"@guatemalacvb\" \/>\n<meta name=\"twitter:label1\" content=\"Est. reading time\" \/>\n\t<meta name=\"twitter:data1\" content=\"1 minute\" \/>\n<script type=\"application\/ld+json\" class=\"yoast-schema-graph\">{\"@context\":\"https:\/\/schema.org\",\"@graph\":[{\"@type\":\"WebPage\",\"@id\":\"https:\/\/guatemalacvb.com\/event\/expocasa\/\",\"url\":\"https:\/\/guatemalacvb.com\/event\/expocasa\/\",\"name\":\"ExpoCasa - Bur\u00f3 de Convenciones de Guatemala\",\"isPartOf\":{\"@id\":\"https:\/\/guatemalacvb.com\/#website\"},\"primaryImageOfPage\":{\"@id\":\"https:\/\/guatemalacvb.com\/event\/expocasa\/#primaryimage\"},\"image\":{\"@id\":\"https:\/\/guatemalacvb.com\/event\/expocasa\/#primaryimage\"},\"thumbnailUrl\":\"https:\/\/guatemalacvb.com\/wp-content\/uploads\/sites\/46\/2021\/10\/EXPO-CASA-2021.jpg\",\"datePublished\":\"2021-10-11T15:08:15+00:00\",\"dateModified\":\"2021-10-27T17:24:46+00:00\",\"breadcrumb\":{\"@id\":\"https:\/\/guatemalacvb.com\/event\/expocasa\/#breadcrumb\"},\"inLanguage\":\"en-US\",\"potentialAction\":[{\"@type\":\"ReadAction\",\"target\":[\"https:\/\/guatemalacvb.com\/event\/expocasa\/\"]}]},{\"@type\":\"ImageObject\",\"inLanguage\":\"en-US\",\"@id\":\"https:\/\/guatemalacvb.com\/event\/expocasa\/#primaryimage\",\"url\":\"https:\/\/guatemalacvb.com\/wp-content\/uploads\/sites\/46\/2021\/10\/EXPO-CASA-2021.jpg\",\"contentUrl\":\"https:\/\/guatemalacvb.com\/wp-content\/uploads\/sites\/46\/2021\/10\/EXPO-CASA-2021.jpg\",\"width\":1200,\"height\":628},{\"@type\":\"BreadcrumbList\",\"@id\":\"https:\/\/guatemalacvb.com\/event\/expocasa\/#breadcrumb\",\"itemListElement\":[{\"@type\":\"ListItem\",\"position\":1,\"name\":\"Portada\",\"item\":\"https:\/\/guatemalacvb.com\/en\/\"},{\"@type\":\"ListItem\",\"position\":2,\"name\":\"Events\",\"item\":\"https:\/\/guatemalacvb.com\/en\/events\/\"},{\"@type\":\"ListItem\",\"position\":3,\"name\":\"ExpoCasa\"}]},{\"@type\":\"WebSite\",\"@id\":\"https:\/\/guatemalacvb.com\/#website\",\"url\":\"https:\/\/guatemalacvb.com\/\",\"name\":\"Bur\u00f3 de Convenciones de Guatemala\",\"description\":\"Destino de clase mundial para eventos\",\"publisher\":{\"@id\":\"https:\/\/guatemalacvb.com\/#organization\"},\"potentialAction\":[{\"@type\":\"SearchAction\",\"target\":{\"@type\":\"EntryPoint\",\"urlTemplate\":\"https:\/\/guatemalacvb.com\/?s={search_term_string}\"},\"query-input\":{\"@type\":\"PropertyValueSpecification\",\"valueRequired\":true,\"valueName\":\"search_term_string\"}}],\"inLanguage\":\"en-US\"},{\"@type\":\"Organization\",\"@id\":\"https:\/\/guatemalacvb.com\/#organization\",\"name\":\"Bur\u00f3 de Convenciones de Guatemala\",\"url\":\"https:\/\/guatemalacvb.com\/\",\"logo\":{\"@type\":\"ImageObject\",\"inLanguage\":\"en-US\",\"@id\":\"https:\/\/guatemalacvb.com\/#\/schema\/logo\/image\/\",\"url\":\"https:\/\/guatemalacvb.com\/wp-content\/uploads\/sites\/46\/2021\/09\/menu-logo-2.png\",\"contentUrl\":\"https:\/\/guatemalacvb.com\/wp-content\/uploads\/sites\/46\/2021\/09\/menu-logo-2.png\",\"width\":202,\"height\":96,\"caption\":\"Bur\u00f3 de Convenciones de Guatemala\"},\"image\":{\"@id\":\"https:\/\/guatemalacvb.com\/#\/schema\/logo\/image\/\"},\"sameAs\":[\"https:\/\/www.facebook.com\/BuroDeConvencionesGuatemala\/\",\"https:\/\/x.com\/guatemalacvb\",\"https:\/\/www.instagram.com\/burodeconvencionesdeguatemala\/\",\"https:\/\/www.linkedin.com\/in\/bur\u00f3-de-convenciones-de-guatemala-971526157\"]}]}<\/script>\n<!-- \/ Yoast SEO plugin. -->","yoast_head_json":{"title":"ExpoCasa - Bur\u00f3 de Convenciones de Guatemala","robots":{"index":"index","follow":"follow","max-snippet":"max-snippet:-1","max-image-preview":"max-image-preview:large","max-video-preview":"max-video-preview:-1"},"canonical":"https:\/\/guatemalacvb.com\/event\/expocasa\/","og_locale":"en_US","og_type":"article","og_title":"ExpoCasa - Bur\u00f3 de Convenciones de Guatemala","og_description":"Del 5 al 7 de noviembre en Expocenter\u00a0Tikal Futura se realizar\u00e1 ExpoCasa,\u00a0 ser\u00e1 el\u00a0punto de encuentro de las mejores ofertas\u00a0inmobiliarias, para comprar su casa, apartamento o construir la vivienda de [&hellip;]","og_url":"https:\/\/guatemalacvb.com\/event\/expocasa\/","og_site_name":"Bur\u00f3 de Convenciones de Guatemala","article_publisher":"https:\/\/www.facebook.com\/BuroDeConvencionesGuatemala\/","article_modified_time":"2021-10-27T17:24:46+00:00","og_image":[{"width":1200,"height":628,"url":"https:\/\/guatemalacvb.com\/wp-content\/uploads\/sites\/46\/2021\/10\/EXPO-CASA-2021.jpg","type":"image\/jpeg"}],"twitter_card":"summary_large_image","twitter_site":"@guatemalacvb","twitter_misc":{"Est. reading time":"1 minute"},"schema":{"@context":"https:\/\/schema.org","@graph":[{"@type":"WebPage","@id":"https:\/\/guatemalacvb.com\/event\/expocasa\/","url":"https:\/\/guatemalacvb.com\/event\/expocasa\/","name":"ExpoCasa - Bur\u00f3 de Convenciones de Guatemala","isPartOf":{"@id":"https:\/\/guatemalacvb.com\/#website"},"primaryImageOfPage":{"@id":"https:\/\/guatemalacvb.com\/event\/expocasa\/#primaryimage"},"image":{"@id":"https:\/\/guatemalacvb.com\/event\/expocasa\/#primaryimage"},"thumbnailUrl":"https:\/\/guatemalacvb.com\/wp-content\/uploads\/sites\/46\/2021\/10\/EXPO-CASA-2021.jpg","datePublished":"2021-10-11T15:08:15+00:00","dateModified":"2021-10-27T17:24:46+00:00","breadcrumb":{"@id":"https:\/\/guatemalacvb.com\/event\/expocasa\/#breadcrumb"},"inLanguage":"en-US","potentialAction":[{"@type":"ReadAction","target":["https:\/\/guatemalacvb.com\/event\/expocasa\/"]}]},{"@type":"ImageObject","inLanguage":"en-US","@id":"https:\/\/guatemalacvb.com\/event\/expocasa\/#primaryimage","url":"https:\/\/guatemalacvb.com\/wp-content\/uploads\/sites\/46\/2021\/10\/EXPO-CASA-2021.jpg","contentUrl":"https:\/\/guatemalacvb.com\/wp-content\/uploads\/sites\/46\/2021\/10\/EXPO-CASA-2021.jpg","width":1200,"height":628},{"@type":"BreadcrumbList","@id":"https:\/\/guatemalacvb.com\/event\/expocasa\/#breadcrumb","itemListElement":[{"@type":"ListItem","position":1,"name":"Portada","item":"https:\/\/guatemalacvb.com\/en\/"},{"@type":"ListItem","position":2,"name":"Events","item":"https:\/\/guatemalacvb.com\/en\/events\/"},{"@type":"ListItem","position":3,"name":"ExpoCasa"}]},{"@type":"WebSite","@id":"https:\/\/guatemalacvb.com\/#website","url":"https:\/\/guatemalacvb.com\/","name":"Bur\u00f3 de Convenciones de Guatemala","description":"Destino de clase mundial para eventos","publisher":{"@id":"https:\/\/guatemalacvb.com\/#organization"},"potentialAction":[{"@type":"SearchAction","target":{"@type":"EntryPoint","urlTemplate":"https:\/\/guatemalacvb.com\/?s={search_term_string}"},"query-input":{"@type":"PropertyValueSpecification","valueRequired":true,"valueName":"search_term_string"}}],"inLanguage":"en-US"},{"@type":"Organization","@id":"https:\/\/guatemalacvb.com\/#organization","name":"Bur\u00f3 de Convenciones de Guatemala","url":"https:\/\/guatemalacvb.com\/","logo":{"@type":"ImageObject","inLanguage":"en-US","@id":"https:\/\/guatemalacvb.com\/#\/schema\/logo\/image\/","url":"https:\/\/guatemalacvb.com\/wp-content\/uploads\/sites\/46\/2021\/09\/menu-logo-2.png","contentUrl":"https:\/\/guatemalacvb.com\/wp-content\/uploads\/sites\/46\/2021\/09\/menu-logo-2.png","width":202,"height":96,"caption":"Bur\u00f3 de Convenciones de Guatemala"},"image":{"@id":"https:\/\/guatemalacvb.com\/#\/schema\/logo\/image\/"},"sameAs":["https:\/\/www.facebook.com\/BuroDeConvencionesGuatemala\/","https:\/\/x.com\/guatemalacvb","https:\/\/www.instagram.com\/burodeconvencionesdeguatemala\/","https:\/\/www.linkedin.com\/in\/bur\u00f3-de-convenciones-de-guatemala-971526157"]}]}},"_links":{"self":[{"href":"https:\/\/guatemalacvb.com\/en\/wp-json\/wp\/v2\/tribe_events\/13604","targetHints":{"allow":["GET"]}}],"collection":[{"href":"https:\/\/guatemalacvb.com\/en\/wp-json\/wp\/v2\/tribe_events"}],"about":[{"href":"https:\/\/guatemalacvb.com\/en\/wp-json\/wp\/v2\/types\/tribe_events"}],"author":[{"embeddable":true,"href":"https:\/\/guatemalacvb.com\/en\/wp-json\/wp\/v2\/users\/17"}],"replies":[{"embeddable":true,"href":"https:\/\/guatemalacvb.com\/en\/wp-json\/wp\/v2\/comments?post=13604"}],"version-history":[{"count":0,"href":"https:\/\/guatemalacvb.com\/en\/wp-json\/wp\/v2\/tribe_events\/13604\/revisions"}],"wp:featuredmedia":[{"embeddable":true,"href":"https:\/\/guatemalacvb.com\/en\/wp-json\/wp\/v2\/media\/13628"}],"wp:attachment":[{"href":"https:\/\/guatemalacvb.com\/en\/wp-json\/wp\/v2\/media?parent=13604"}],"wp:term":[{"taxonomy":"post_tag","embeddable":true,"href":"https:\/\/guatemalacvb.com\/en\/wp-json\/wp\/v2\/tags?post=13604"},{"taxonomy":"tribe_events_cat","embeddable":true,"href":"https:\/\/guatemalacvb.com\/en\/wp-json\/wp\/v2\/tribe_events_cat?post=13604"}],"curies":[{"name":"wp","href":"https:\/\/api.w.org\/{rel}","templated":true}]}}