{"id":14205,"date":"2021-11-09T17:20:36","date_gmt":"2021-11-09T17:20:36","guid":{"rendered":"https:\/\/guatemalacvb.com\/?post_type=tribe_events&#038;p=14205"},"modified":"2021-11-09T17:20:36","modified_gmt":"2021-11-09T17:20:36","slug":"presentacion-rse-cadena-de-valor","status":"publish","type":"tribe_events","link":"https:\/\/guatemalacvb.com\/en\/event\/presentacion-rse-cadena-de-valor\/","title":{"rendered":"Presentaci\u00f3n RSE Cadena de valor"},"content":{"rendered":"<div>\n<div dir=\"ltr\">\n<div dir=\"ltr\">\n<div dir=\"ltr\">\n<div dir=\"ltr\">\n<div dir=\"ltr\">\n<div dir=\"ltr\">\n<div dir=\"ltr\">\n<div dir=\"ltr\">\n<div dir=\"ltr\">\n<div dir=\"ltr\">\n<div dir=\"ltr\">\n<div dir=\"ltr\">\n<div dir=\"ltr\">\n<div dir=\"ltr\">\n<div dir=\"ltr\">\n<div dir=\"ltr\">\n<div dir=\"ltr\">\n<div dir=\"ltr\">\n<div dir=\"ltr\">\n<div dir=\"ltr\">\n<div dir=\"ltr\">\n<div>Te recordamos que puedes participar en la presentaci\u00f3n de &#8220;La\u00a0RSE\u00a0en la\u00a0cadena\u00a0de\u00a0valor&#8221; este jueves 11 de noviembre de 8:30 a 9:30 (GMT-06)<\/div>\n<\/div>\n<\/div>\n<\/div>\n<\/div>\n<\/div>\n<\/div>\n<\/div>\n<\/div>\n<\/div>\n<\/div>\n<\/div>\n<\/div>\n<\/div>\n<\/div>\n<\/div>\n<\/div>\n<\/div>\n<\/div>\n<\/div>\n<\/div>\n<\/div>\n<\/div>\n<div class=\"gmail_quote\">\n<div dir=\"ltr\">\n<div dir=\"ltr\">\n<div dir=\"ltr\">\n<div dir=\"ltr\">\n<div dir=\"ltr\">\n<div dir=\"ltr\">\n<div dir=\"ltr\">\n<div dir=\"ltr\">\n<div dir=\"ltr\">\n<div dir=\"ltr\">\n<div dir=\"ltr\">\n<div dir=\"ltr\">\n<div dir=\"ltr\">\n<div dir=\"ltr\">\n<div>Organizado por Bur\u00f3 de Convenciones de Guatemala y CentraRSE<\/div>\n<div><\/div>\n<div>Dirigida a\u00a0los diferentes giros de negocio del tejido empresarial; se compartir\u00e1 sobre la importancia de implementar buenas pr\u00e1cticas socialmente responsables.<\/p>\n<p>Link de acceso directo:\u00a0<a href=\"https:\/\/global.gotomeeting.com\/join\/561547709\" target=\"_blank\" rel=\"noopener\" data-saferedirecturl=\"https:\/\/www.google.com\/url?q=https:\/\/global.gotomeeting.com\/join\/561547709&amp;source=gmail&amp;ust=1636562791559000&amp;usg=AOvVaw01T1VLJft1P7wFcdYQPgvQ\">https:\/\/global.<wbr \/>gotomeeting.com\/join\/561547709<\/a><\/div>\n<div><\/div>\n<div>\n<div><span style=\"color: #000000;\">#IndustriaDeReuniones #MeetingsGuatemala #Guatemala <\/span><span style=\"color: #000000;\">#EventosGuatemala #BicentenarioGuatemala<\/span><\/div>\n<\/div>\n<\/div>\n<\/div>\n<\/div>\n<\/div>\n<\/div>\n<\/div>\n<\/div>\n<\/div>\n<\/div>\n<\/div>\n<\/div>\n<\/div>\n<\/div>\n<\/div>\n<\/div>\n","protected":false},"excerpt":{"rendered":"<p>Te recordamos que puedes participar en la presentaci\u00f3n de &#8220;La\u00a0RSE\u00a0en la\u00a0cadena\u00a0de\u00a0valor&#8221; este jueves 11 de noviembre de 8:30 a 9:30 (GMT-06) Organizado por Bur\u00f3 de Convenciones de Guatemala y CentraRSE [&hellip;]<\/p>\n","protected":false},"author":17,"featured_media":14206,"comment_status":"open","ping_status":"closed","template":"","meta":{"_et_pb_use_builder":"","_et_pb_old_content":"","_et_gb_content_width":"","_tribe_events_status":"","_tribe_events_status_reason":"","footnotes":""},"tags":[],"tribe_events_cat":[],"class_list":["post-14205","tribe_events","type-tribe_events","status-publish","has-post-thumbnail","hentry"],"yoast_head":"<!-- This site is optimized with the Yoast SEO plugin v25.0 - https:\/\/yoast.com\/wordpress\/plugins\/seo\/ -->\n<title>Presentaci\u00f3n RSE Cadena de valor - Bur\u00f3 de Convenciones de Guatemala<\/title>\n<meta name=\"robots\" content=\"index, follow, max-snippet:-1, max-image-preview:large, max-video-preview:-1\" \/>\n<link rel=\"canonical\" href=\"https:\/\/guatemalacvb.com\/event\/presentacion-rse-cadena-de-valor\/\" \/>\n<meta property=\"og:locale\" content=\"en_US\" \/>\n<meta property=\"og:type\" content=\"article\" \/>\n<meta property=\"og:title\" content=\"Presentaci\u00f3n RSE Cadena de valor - Bur\u00f3 de Convenciones de Guatemala\" \/>\n<meta property=\"og:description\" content=\"Te recordamos que puedes participar en la presentaci\u00f3n de &#8220;La\u00a0RSE\u00a0en la\u00a0cadena\u00a0de\u00a0valor&#8221; este jueves 11 de noviembre de 8:30 a 9:30 (GMT-06) Organizado por Bur\u00f3 de Convenciones de Guatemala y CentraRSE [&hellip;]\" \/>\n<meta property=\"og:url\" content=\"https:\/\/guatemalacvb.com\/event\/presentacion-rse-cadena-de-valor\/\" \/>\n<meta property=\"og:site_name\" content=\"Bur\u00f3 de Convenciones de Guatemala\" \/>\n<meta property=\"article:publisher\" content=\"https:\/\/www.facebook.com\/BuroDeConvencionesGuatemala\/\" \/>\n<meta property=\"og:image\" content=\"https:\/\/guatemalacvb.com\/wp-content\/uploads\/sites\/46\/2021\/11\/Invitacion-CRSE-EL-BURO-11-NOVI.jpg\" \/>\n\t<meta property=\"og:image:width\" content=\"720\" \/>\n\t<meta property=\"og:image:height\" content=\"960\" \/>\n\t<meta property=\"og:image:type\" content=\"image\/jpeg\" \/>\n<meta name=\"twitter:card\" content=\"summary_large_image\" \/>\n<meta name=\"twitter:site\" content=\"@guatemalacvb\" \/>\n<script type=\"application\/ld+json\" class=\"yoast-schema-graph\">{\"@context\":\"https:\/\/schema.org\",\"@graph\":[{\"@type\":\"WebPage\",\"@id\":\"https:\/\/guatemalacvb.com\/event\/presentacion-rse-cadena-de-valor\/\",\"url\":\"https:\/\/guatemalacvb.com\/event\/presentacion-rse-cadena-de-valor\/\",\"name\":\"Presentaci\u00f3n RSE Cadena de valor - Bur\u00f3 de Convenciones de Guatemala\",\"isPartOf\":{\"@id\":\"https:\/\/guatemalacvb.com\/#website\"},\"primaryImageOfPage\":{\"@id\":\"https:\/\/guatemalacvb.com\/event\/presentacion-rse-cadena-de-valor\/#primaryimage\"},\"image\":{\"@id\":\"https:\/\/guatemalacvb.com\/event\/presentacion-rse-cadena-de-valor\/#primaryimage\"},\"thumbnailUrl\":\"https:\/\/guatemalacvb.com\/wp-content\/uploads\/sites\/46\/2021\/11\/Invitacion-CRSE-EL-BURO-11-NOVI.jpg\",\"datePublished\":\"2021-11-09T17:20:36+00:00\",\"breadcrumb\":{\"@id\":\"https:\/\/guatemalacvb.com\/event\/presentacion-rse-cadena-de-valor\/#breadcrumb\"},\"inLanguage\":\"en-US\",\"potentialAction\":[{\"@type\":\"ReadAction\",\"target\":[\"https:\/\/guatemalacvb.com\/event\/presentacion-rse-cadena-de-valor\/\"]}]},{\"@type\":\"ImageObject\",\"inLanguage\":\"en-US\",\"@id\":\"https:\/\/guatemalacvb.com\/event\/presentacion-rse-cadena-de-valor\/#primaryimage\",\"url\":\"https:\/\/guatemalacvb.com\/wp-content\/uploads\/sites\/46\/2021\/11\/Invitacion-CRSE-EL-BURO-11-NOVI.jpg\",\"contentUrl\":\"https:\/\/guatemalacvb.com\/wp-content\/uploads\/sites\/46\/2021\/11\/Invitacion-CRSE-EL-BURO-11-NOVI.jpg\",\"width\":720,\"height\":960},{\"@type\":\"BreadcrumbList\",\"@id\":\"https:\/\/guatemalacvb.com\/event\/presentacion-rse-cadena-de-valor\/#breadcrumb\",\"itemListElement\":[{\"@type\":\"ListItem\",\"position\":1,\"name\":\"Portada\",\"item\":\"https:\/\/guatemalacvb.com\/en\/\"},{\"@type\":\"ListItem\",\"position\":2,\"name\":\"Events\",\"item\":\"https:\/\/guatemalacvb.com\/en\/events\/\"},{\"@type\":\"ListItem\",\"position\":3,\"name\":\"Presentaci\u00f3n RSE Cadena de valor\"}]},{\"@type\":\"WebSite\",\"@id\":\"https:\/\/guatemalacvb.com\/#website\",\"url\":\"https:\/\/guatemalacvb.com\/\",\"name\":\"Bur\u00f3 de Convenciones de Guatemala\",\"description\":\"Destino de clase mundial para eventos\",\"publisher\":{\"@id\":\"https:\/\/guatemalacvb.com\/#organization\"},\"potentialAction\":[{\"@type\":\"SearchAction\",\"target\":{\"@type\":\"EntryPoint\",\"urlTemplate\":\"https:\/\/guatemalacvb.com\/?s={search_term_string}\"},\"query-input\":{\"@type\":\"PropertyValueSpecification\",\"valueRequired\":true,\"valueName\":\"search_term_string\"}}],\"inLanguage\":\"en-US\"},{\"@type\":\"Organization\",\"@id\":\"https:\/\/guatemalacvb.com\/#organization\",\"name\":\"Bur\u00f3 de Convenciones de Guatemala\",\"url\":\"https:\/\/guatemalacvb.com\/\",\"logo\":{\"@type\":\"ImageObject\",\"inLanguage\":\"en-US\",\"@id\":\"https:\/\/guatemalacvb.com\/#\/schema\/logo\/image\/\",\"url\":\"https:\/\/guatemalacvb.com\/wp-content\/uploads\/sites\/46\/2021\/09\/menu-logo-2.png\",\"contentUrl\":\"https:\/\/guatemalacvb.com\/wp-content\/uploads\/sites\/46\/2021\/09\/menu-logo-2.png\",\"width\":202,\"height\":96,\"caption\":\"Bur\u00f3 de Convenciones de Guatemala\"},\"image\":{\"@id\":\"https:\/\/guatemalacvb.com\/#\/schema\/logo\/image\/\"},\"sameAs\":[\"https:\/\/www.facebook.com\/BuroDeConvencionesGuatemala\/\",\"https:\/\/x.com\/guatemalacvb\",\"https:\/\/www.instagram.com\/burodeconvencionesdeguatemala\/\",\"https:\/\/www.linkedin.com\/in\/bur\u00f3-de-convenciones-de-guatemala-971526157\"]}]}<\/script>\n<!-- \/ Yoast SEO plugin. -->","yoast_head_json":{"title":"Presentaci\u00f3n RSE Cadena de valor - Bur\u00f3 de Convenciones de Guatemala","robots":{"index":"index","follow":"follow","max-snippet":"max-snippet:-1","max-image-preview":"max-image-preview:large","max-video-preview":"max-video-preview:-1"},"canonical":"https:\/\/guatemalacvb.com\/event\/presentacion-rse-cadena-de-valor\/","og_locale":"en_US","og_type":"article","og_title":"Presentaci\u00f3n RSE Cadena de valor - Bur\u00f3 de Convenciones de Guatemala","og_description":"Te recordamos que puedes participar en la presentaci\u00f3n de &#8220;La\u00a0RSE\u00a0en la\u00a0cadena\u00a0de\u00a0valor&#8221; este jueves 11 de noviembre de 8:30 a 9:30 (GMT-06) Organizado por Bur\u00f3 de Convenciones de Guatemala y CentraRSE [&hellip;]","og_url":"https:\/\/guatemalacvb.com\/event\/presentacion-rse-cadena-de-valor\/","og_site_name":"Bur\u00f3 de Convenciones de Guatemala","article_publisher":"https:\/\/www.facebook.com\/BuroDeConvencionesGuatemala\/","og_image":[{"width":720,"height":960,"url":"https:\/\/guatemalacvb.com\/wp-content\/uploads\/sites\/46\/2021\/11\/Invitacion-CRSE-EL-BURO-11-NOVI.jpg","type":"image\/jpeg"}],"twitter_card":"summary_large_image","twitter_site":"@guatemalacvb","schema":{"@context":"https:\/\/schema.org","@graph":[{"@type":"WebPage","@id":"https:\/\/guatemalacvb.com\/event\/presentacion-rse-cadena-de-valor\/","url":"https:\/\/guatemalacvb.com\/event\/presentacion-rse-cadena-de-valor\/","name":"Presentaci\u00f3n RSE Cadena de valor - Bur\u00f3 de Convenciones de Guatemala","isPartOf":{"@id":"https:\/\/guatemalacvb.com\/#website"},"primaryImageOfPage":{"@id":"https:\/\/guatemalacvb.com\/event\/presentacion-rse-cadena-de-valor\/#primaryimage"},"image":{"@id":"https:\/\/guatemalacvb.com\/event\/presentacion-rse-cadena-de-valor\/#primaryimage"},"thumbnailUrl":"https:\/\/guatemalacvb.com\/wp-content\/uploads\/sites\/46\/2021\/11\/Invitacion-CRSE-EL-BURO-11-NOVI.jpg","datePublished":"2021-11-09T17:20:36+00:00","breadcrumb":{"@id":"https:\/\/guatemalacvb.com\/event\/presentacion-rse-cadena-de-valor\/#breadcrumb"},"inLanguage":"en-US","potentialAction":[{"@type":"ReadAction","target":["https:\/\/guatemalacvb.com\/event\/presentacion-rse-cadena-de-valor\/"]}]},{"@type":"ImageObject","inLanguage":"en-US","@id":"https:\/\/guatemalacvb.com\/event\/presentacion-rse-cadena-de-valor\/#primaryimage","url":"https:\/\/guatemalacvb.com\/wp-content\/uploads\/sites\/46\/2021\/11\/Invitacion-CRSE-EL-BURO-11-NOVI.jpg","contentUrl":"https:\/\/guatemalacvb.com\/wp-content\/uploads\/sites\/46\/2021\/11\/Invitacion-CRSE-EL-BURO-11-NOVI.jpg","width":720,"height":960},{"@type":"BreadcrumbList","@id":"https:\/\/guatemalacvb.com\/event\/presentacion-rse-cadena-de-valor\/#breadcrumb","itemListElement":[{"@type":"ListItem","position":1,"name":"Portada","item":"https:\/\/guatemalacvb.com\/en\/"},{"@type":"ListItem","position":2,"name":"Events","item":"https:\/\/guatemalacvb.com\/en\/events\/"},{"@type":"ListItem","position":3,"name":"Presentaci\u00f3n RSE Cadena de valor"}]},{"@type":"WebSite","@id":"https:\/\/guatemalacvb.com\/#website","url":"https:\/\/guatemalacvb.com\/","name":"Bur\u00f3 de Convenciones de Guatemala","description":"Destino de clase mundial para eventos","publisher":{"@id":"https:\/\/guatemalacvb.com\/#organization"},"potentialAction":[{"@type":"SearchAction","target":{"@type":"EntryPoint","urlTemplate":"https:\/\/guatemalacvb.com\/?s={search_term_string}"},"query-input":{"@type":"PropertyValueSpecification","valueRequired":true,"valueName":"search_term_string"}}],"inLanguage":"en-US"},{"@type":"Organization","@id":"https:\/\/guatemalacvb.com\/#organization","name":"Bur\u00f3 de Convenciones de Guatemala","url":"https:\/\/guatemalacvb.com\/","logo":{"@type":"ImageObject","inLanguage":"en-US","@id":"https:\/\/guatemalacvb.com\/#\/schema\/logo\/image\/","url":"https:\/\/guatemalacvb.com\/wp-content\/uploads\/sites\/46\/2021\/09\/menu-logo-2.png","contentUrl":"https:\/\/guatemalacvb.com\/wp-content\/uploads\/sites\/46\/2021\/09\/menu-logo-2.png","width":202,"height":96,"caption":"Bur\u00f3 de Convenciones de Guatemala"},"image":{"@id":"https:\/\/guatemalacvb.com\/#\/schema\/logo\/image\/"},"sameAs":["https:\/\/www.facebook.com\/BuroDeConvencionesGuatemala\/","https:\/\/x.com\/guatemalacvb","https:\/\/www.instagram.com\/burodeconvencionesdeguatemala\/","https:\/\/www.linkedin.com\/in\/bur\u00f3-de-convenciones-de-guatemala-971526157"]}]}},"_links":{"self":[{"href":"https:\/\/guatemalacvb.com\/en\/wp-json\/wp\/v2\/tribe_events\/14205","targetHints":{"allow":["GET"]}}],"collection":[{"href":"https:\/\/guatemalacvb.com\/en\/wp-json\/wp\/v2\/tribe_events"}],"about":[{"href":"https:\/\/guatemalacvb.com\/en\/wp-json\/wp\/v2\/types\/tribe_events"}],"author":[{"embeddable":true,"href":"https:\/\/guatemalacvb.com\/en\/wp-json\/wp\/v2\/users\/17"}],"replies":[{"embeddable":true,"href":"https:\/\/guatemalacvb.com\/en\/wp-json\/wp\/v2\/comments?post=14205"}],"version-history":[{"count":0,"href":"https:\/\/guatemalacvb.com\/en\/wp-json\/wp\/v2\/tribe_events\/14205\/revisions"}],"wp:featuredmedia":[{"embeddable":true,"href":"https:\/\/guatemalacvb.com\/en\/wp-json\/wp\/v2\/media\/14206"}],"wp:attachment":[{"href":"https:\/\/guatemalacvb.com\/en\/wp-json\/wp\/v2\/media?parent=14205"}],"wp:term":[{"taxonomy":"post_tag","embeddable":true,"href":"https:\/\/guatemalacvb.com\/en\/wp-json\/wp\/v2\/tags?post=14205"},{"taxonomy":"tribe_events_cat","embeddable":true,"href":"https:\/\/guatemalacvb.com\/en\/wp-json\/wp\/v2\/tribe_events_cat?post=14205"}],"curies":[{"name":"wp","href":"https:\/\/api.w.org\/{rel}","templated":true}]}}