{"id":16006,"date":"2022-03-10T15:55:41","date_gmt":"2022-03-10T15:55:41","guid":{"rendered":"https:\/\/guatemalacvb.com\/?post_type=tribe_events&#038;p=16006"},"modified":"2022-03-21T17:24:38","modified_gmt":"2022-03-21T17:24:38","slug":"momentum-guatemala","status":"publish","type":"tribe_events","link":"https:\/\/guatemalacvb.com\/en\/event\/momentum-guatemala\/","title":{"rendered":"Momentum Guatemala"},"content":{"rendered":"<div>En el marco del Global Meetings Industry Day #GMID participa en:<\/div>\n<div><\/div>\n<div>Momentum Guatemala \u00bfComo acelerar los negocios con tecnolog\u00eda y liderazgo empresarial?<\/div>\n<div><\/div>\n<div>Encontrar\u00e1s networking 1 a 1, salas simult\u00e1neas, conferencias y m\u00e1s<\/div>\n<div>\n<div>Reserva la fecha: 6 de abril, 8:00 am hora de Centroam\u00e9rica\u00a0y CDMX en el Recinto Digital Allenamenti<\/div>\n<div>M\u00e1s informaci\u00f3n:\u00a0<a href=\"mailto:info1@guatemalacvb.com\" target=\"_blank\" rel=\"noopener\">info1@guatemalacvb.com<\/a>,\u00a0<a href=\"mailto:contacto@allenamenti.com.mx\" target=\"_blank\" rel=\"noopener\">contacto@allenamenti.com.mx<\/a><\/div>\n<div><\/div>\n<div>\n<div>\n<div>#IndustriaDeReuniones #MeetingsGuatemala #Guatemala #EventosGuatemala #MomentumGuatemala<\/div>\n<div>\n\n\t\t<style type=\"text\/css\">\n\t\t\t#gallery-1 {\n\t\t\t\tmargin: auto;\n\t\t\t}\n\t\t\t#gallery-1 .gallery-item {\n\t\t\t\tfloat: left;\n\t\t\t\tmargin-top: 10px;\n\t\t\t\ttext-align: center;\n\t\t\t\twidth: 50%;\n\t\t\t}\n\t\t\t#gallery-1 img {\n\t\t\t\tborder: 2px solid #cfcfcf;\n\t\t\t}\n\t\t\t#gallery-1 .gallery-caption {\n\t\t\t\tmargin-left: 0;\n\t\t\t}\n\t\t\t\/* see gallery_shortcode() in wp-includes\/media.php *\/\n\t\t<\/style>\n\t\t<div id='gallery-1' class='gallery galleryid-16006 gallery-columns-2 gallery-size-large'><dl class='gallery-item'>\n\t\t\t<dt class='gallery-icon landscape'>\n\t\t\t\t<a href='https:\/\/guatemalacvb.com\/en\/event\/momentum-guatemala\/disenso-esther-brol-2\/'><img loading=\"lazy\" decoding=\"async\" width=\"1024\" height=\"1024\" src=\"https:\/\/guatemalacvb.com\/wp-content\/uploads\/sites\/46\/2022\/03\/DisenSo-Esther-Brol-1024x1024.jpg\" class=\"attachment-large size-large\" alt=\"\" srcset=\"https:\/\/guatemalacvb.com\/wp-content\/uploads\/sites\/46\/2022\/03\/DisenSo-Esther-Brol-1024x1024.jpg 1024w, https:\/\/guatemalacvb.com\/wp-content\/uploads\/sites\/46\/2022\/03\/DisenSo-Esther-Brol-980x980.jpg 980w, https:\/\/guatemalacvb.com\/wp-content\/uploads\/sites\/46\/2022\/03\/DisenSo-Esther-Brol-480x480.jpg 480w\" sizes=\"(min-width: 0px) and (max-width: 480px) 480px, (min-width: 481px) and (max-width: 980px) 980px, (min-width: 981px) 1024px, 100vw\" \/><\/a>\n\t\t\t<\/dt><\/dl><dl class='gallery-item'>\n\t\t\t<dt class='gallery-icon landscape'>\n\t\t\t\t<a href='https:\/\/guatemalacvb.com\/en\/event\/momentum-guatemala\/disenzo-mauricio-e-candiani-2\/'><img loading=\"lazy\" decoding=\"async\" width=\"1024\" height=\"1024\" src=\"https:\/\/guatemalacvb.com\/wp-content\/uploads\/sites\/46\/2022\/03\/DisenZo-Mauricio-E.-Candiani-1024x1024.jpg\" class=\"attachment-large size-large\" alt=\"\" srcset=\"https:\/\/guatemalacvb.com\/wp-content\/uploads\/sites\/46\/2022\/03\/DisenZo-Mauricio-E.-Candiani-1024x1024.jpg 1024w, https:\/\/guatemalacvb.com\/wp-content\/uploads\/sites\/46\/2022\/03\/DisenZo-Mauricio-E.-Candiani-980x980.jpg 980w, https:\/\/guatemalacvb.com\/wp-content\/uploads\/sites\/46\/2022\/03\/DisenZo-Mauricio-E.-Candiani-480x480.jpg 480w\" sizes=\"(min-width: 0px) and (max-width: 480px) 480px, (min-width: 481px) and (max-width: 980px) 980px, (min-width: 981px) 1024px, 100vw\" \/><\/a>\n\t\t\t<\/dt><\/dl><br style=\"clear: both\" \/><dl class='gallery-item'>\n\t\t\t<dt class='gallery-icon landscape'>\n\t\t\t\t<a href='https:\/\/guatemalacvb.com\/en\/event\/momentum-guatemala\/disenzo-nery-echeverriga-2\/'><img loading=\"lazy\" decoding=\"async\" width=\"1024\" height=\"1024\" src=\"https:\/\/guatemalacvb.com\/wp-content\/uploads\/sites\/46\/2022\/03\/DisenZo-Nery-Echeverriga-1024x1024.jpg\" class=\"attachment-large size-large\" alt=\"\" srcset=\"https:\/\/guatemalacvb.com\/wp-content\/uploads\/sites\/46\/2022\/03\/DisenZo-Nery-Echeverriga-1024x1024.jpg 1024w, https:\/\/guatemalacvb.com\/wp-content\/uploads\/sites\/46\/2022\/03\/DisenZo-Nery-Echeverriga-980x980.jpg 980w, https:\/\/guatemalacvb.com\/wp-content\/uploads\/sites\/46\/2022\/03\/DisenZo-Nery-Echeverriga-480x480.jpg 480w\" sizes=\"(min-width: 0px) and (max-width: 480px) 480px, (min-width: 481px) and (max-width: 980px) 980px, (min-width: 981px) 1024px, 100vw\" \/><\/a>\n\t\t\t<\/dt><\/dl><dl class='gallery-item'>\n\t\t\t<dt class='gallery-icon landscape'>\n\t\t\t\t<a href='https:\/\/guatemalacvb.com\/en\/event\/momentum-guatemala\/disenso-oso-trava-2\/'><img loading=\"lazy\" decoding=\"async\" width=\"1024\" height=\"1024\" src=\"https:\/\/guatemalacvb.com\/wp-content\/uploads\/sites\/46\/2022\/03\/DisenSo-Oso-Trava-1024x1024.jpg\" class=\"attachment-large size-large\" alt=\"\" srcset=\"https:\/\/guatemalacvb.com\/wp-content\/uploads\/sites\/46\/2022\/03\/DisenSo-Oso-Trava-1024x1024.jpg 1024w, https:\/\/guatemalacvb.com\/wp-content\/uploads\/sites\/46\/2022\/03\/DisenSo-Oso-Trava-980x980.jpg 980w, https:\/\/guatemalacvb.com\/wp-content\/uploads\/sites\/46\/2022\/03\/DisenSo-Oso-Trava-480x480.jpg 480w\" sizes=\"(min-width: 0px) and (max-width: 480px) 480px, (min-width: 481px) and (max-width: 980px) 980px, (min-width: 981px) 1024px, 100vw\" \/><\/a>\n\t\t\t<\/dt><\/dl><br style=\"clear: both\" \/>\n\t\t<\/div>\n\n<\/div>\n<\/div>\n<\/div>\n<\/div>\n","protected":false},"excerpt":{"rendered":"<p>En el marco del Global Meetings Industry Day #GMID participa en: Momentum Guatemala \u00bfComo acelerar los negocios con tecnolog\u00eda y liderazgo empresarial? Encontrar\u00e1s networking 1 a 1, salas simult\u00e1neas, conferencias [&hellip;]<\/p>\n","protected":false},"author":17,"featured_media":16007,"comment_status":"open","ping_status":"closed","template":"","meta":{"_et_pb_use_builder":"","_et_pb_old_content":"","_et_gb_content_width":"","_tribe_events_status":"","_tribe_events_status_reason":"","footnotes":""},"tags":[],"tribe_events_cat":[],"class_list":["post-16006","tribe_events","type-tribe_events","status-publish","has-post-thumbnail","hentry"],"yoast_head":"<!-- This site is optimized with the Yoast SEO plugin v25.0 - https:\/\/yoast.com\/wordpress\/plugins\/seo\/ -->\n<title>Momentum Guatemala - Bur\u00f3 de Convenciones de Guatemala<\/title>\n<meta name=\"robots\" content=\"index, follow, max-snippet:-1, max-image-preview:large, max-video-preview:-1\" \/>\n<link rel=\"canonical\" href=\"https:\/\/guatemalacvb.com\/event\/momentum-guatemala\/\" \/>\n<meta property=\"og:locale\" content=\"en_US\" \/>\n<meta property=\"og:type\" content=\"article\" \/>\n<meta property=\"og:title\" content=\"Momentum Guatemala - Bur\u00f3 de Convenciones de Guatemala\" \/>\n<meta property=\"og:description\" content=\"En el marco del Global Meetings Industry Day #GMID participa en: Momentum Guatemala \u00bfComo acelerar los negocios con tecnolog\u00eda y liderazgo empresarial? Encontrar\u00e1s networking 1 a 1, salas simult\u00e1neas, conferencias [&hellip;]\" \/>\n<meta property=\"og:url\" content=\"https:\/\/guatemalacvb.com\/event\/momentum-guatemala\/\" \/>\n<meta property=\"og:site_name\" content=\"Bur\u00f3 de Convenciones de Guatemala\" \/>\n<meta property=\"article:publisher\" content=\"https:\/\/www.facebook.com\/BuroDeConvencionesGuatemala\/\" \/>\n<meta property=\"article:modified_time\" content=\"2022-03-21T17:24:38+00:00\" \/>\n<meta property=\"og:image\" content=\"https:\/\/guatemalacvb.com\/wp-content\/uploads\/sites\/46\/2022\/03\/Momentum-Guatemala-Reserva-la-fecha.jpg\" \/>\n\t<meta property=\"og:image:width\" content=\"1024\" \/>\n\t<meta property=\"og:image:height\" content=\"1024\" \/>\n\t<meta property=\"og:image:type\" content=\"image\/jpeg\" \/>\n<meta name=\"twitter:card\" content=\"summary_large_image\" \/>\n<meta name=\"twitter:site\" content=\"@guatemalacvb\" \/>\n<script type=\"application\/ld+json\" class=\"yoast-schema-graph\">{\"@context\":\"https:\/\/schema.org\",\"@graph\":[{\"@type\":\"WebPage\",\"@id\":\"https:\/\/guatemalacvb.com\/event\/momentum-guatemala\/\",\"url\":\"https:\/\/guatemalacvb.com\/event\/momentum-guatemala\/\",\"name\":\"Momentum Guatemala - Bur\u00f3 de Convenciones de Guatemala\",\"isPartOf\":{\"@id\":\"https:\/\/guatemalacvb.com\/#website\"},\"primaryImageOfPage\":{\"@id\":\"https:\/\/guatemalacvb.com\/event\/momentum-guatemala\/#primaryimage\"},\"image\":{\"@id\":\"https:\/\/guatemalacvb.com\/event\/momentum-guatemala\/#primaryimage\"},\"thumbnailUrl\":\"https:\/\/guatemalacvb.com\/wp-content\/uploads\/sites\/46\/2022\/03\/Momentum-Guatemala-Reserva-la-fecha.jpg\",\"datePublished\":\"2022-03-10T15:55:41+00:00\",\"dateModified\":\"2022-03-21T17:24:38+00:00\",\"breadcrumb\":{\"@id\":\"https:\/\/guatemalacvb.com\/event\/momentum-guatemala\/#breadcrumb\"},\"inLanguage\":\"en-US\",\"potentialAction\":[{\"@type\":\"ReadAction\",\"target\":[\"https:\/\/guatemalacvb.com\/event\/momentum-guatemala\/\"]}]},{\"@type\":\"ImageObject\",\"inLanguage\":\"en-US\",\"@id\":\"https:\/\/guatemalacvb.com\/event\/momentum-guatemala\/#primaryimage\",\"url\":\"https:\/\/guatemalacvb.com\/wp-content\/uploads\/sites\/46\/2022\/03\/Momentum-Guatemala-Reserva-la-fecha.jpg\",\"contentUrl\":\"https:\/\/guatemalacvb.com\/wp-content\/uploads\/sites\/46\/2022\/03\/Momentum-Guatemala-Reserva-la-fecha.jpg\",\"width\":1024,\"height\":1024},{\"@type\":\"BreadcrumbList\",\"@id\":\"https:\/\/guatemalacvb.com\/event\/momentum-guatemala\/#breadcrumb\",\"itemListElement\":[{\"@type\":\"ListItem\",\"position\":1,\"name\":\"Portada\",\"item\":\"https:\/\/guatemalacvb.com\/en\/\"},{\"@type\":\"ListItem\",\"position\":2,\"name\":\"Events\",\"item\":\"https:\/\/guatemalacvb.com\/en\/events\/\"},{\"@type\":\"ListItem\",\"position\":3,\"name\":\"Momentum Guatemala\"}]},{\"@type\":\"WebSite\",\"@id\":\"https:\/\/guatemalacvb.com\/#website\",\"url\":\"https:\/\/guatemalacvb.com\/\",\"name\":\"Bur\u00f3 de Convenciones de Guatemala\",\"description\":\"Destino de clase mundial para eventos\",\"publisher\":{\"@id\":\"https:\/\/guatemalacvb.com\/#organization\"},\"potentialAction\":[{\"@type\":\"SearchAction\",\"target\":{\"@type\":\"EntryPoint\",\"urlTemplate\":\"https:\/\/guatemalacvb.com\/?s={search_term_string}\"},\"query-input\":{\"@type\":\"PropertyValueSpecification\",\"valueRequired\":true,\"valueName\":\"search_term_string\"}}],\"inLanguage\":\"en-US\"},{\"@type\":\"Organization\",\"@id\":\"https:\/\/guatemalacvb.com\/#organization\",\"name\":\"Bur\u00f3 de Convenciones de Guatemala\",\"url\":\"https:\/\/guatemalacvb.com\/\",\"logo\":{\"@type\":\"ImageObject\",\"inLanguage\":\"en-US\",\"@id\":\"https:\/\/guatemalacvb.com\/#\/schema\/logo\/image\/\",\"url\":\"https:\/\/guatemalacvb.com\/wp-content\/uploads\/sites\/46\/2021\/09\/menu-logo-2.png\",\"contentUrl\":\"https:\/\/guatemalacvb.com\/wp-content\/uploads\/sites\/46\/2021\/09\/menu-logo-2.png\",\"width\":202,\"height\":96,\"caption\":\"Bur\u00f3 de Convenciones de Guatemala\"},\"image\":{\"@id\":\"https:\/\/guatemalacvb.com\/#\/schema\/logo\/image\/\"},\"sameAs\":[\"https:\/\/www.facebook.com\/BuroDeConvencionesGuatemala\/\",\"https:\/\/x.com\/guatemalacvb\",\"https:\/\/www.instagram.com\/burodeconvencionesdeguatemala\/\",\"https:\/\/www.linkedin.com\/in\/bur\u00f3-de-convenciones-de-guatemala-971526157\"]}]}<\/script>\n<!-- \/ Yoast SEO plugin. -->","yoast_head_json":{"title":"Momentum Guatemala - Bur\u00f3 de Convenciones de Guatemala","robots":{"index":"index","follow":"follow","max-snippet":"max-snippet:-1","max-image-preview":"max-image-preview:large","max-video-preview":"max-video-preview:-1"},"canonical":"https:\/\/guatemalacvb.com\/event\/momentum-guatemala\/","og_locale":"en_US","og_type":"article","og_title":"Momentum Guatemala - Bur\u00f3 de Convenciones de Guatemala","og_description":"En el marco del Global Meetings Industry Day #GMID participa en: Momentum Guatemala \u00bfComo acelerar los negocios con tecnolog\u00eda y liderazgo empresarial? Encontrar\u00e1s networking 1 a 1, salas simult\u00e1neas, conferencias [&hellip;]","og_url":"https:\/\/guatemalacvb.com\/event\/momentum-guatemala\/","og_site_name":"Bur\u00f3 de Convenciones de Guatemala","article_publisher":"https:\/\/www.facebook.com\/BuroDeConvencionesGuatemala\/","article_modified_time":"2022-03-21T17:24:38+00:00","og_image":[{"width":1024,"height":1024,"url":"https:\/\/guatemalacvb.com\/wp-content\/uploads\/sites\/46\/2022\/03\/Momentum-Guatemala-Reserva-la-fecha.jpg","type":"image\/jpeg"}],"twitter_card":"summary_large_image","twitter_site":"@guatemalacvb","schema":{"@context":"https:\/\/schema.org","@graph":[{"@type":"WebPage","@id":"https:\/\/guatemalacvb.com\/event\/momentum-guatemala\/","url":"https:\/\/guatemalacvb.com\/event\/momentum-guatemala\/","name":"Momentum Guatemala - Bur\u00f3 de Convenciones de Guatemala","isPartOf":{"@id":"https:\/\/guatemalacvb.com\/#website"},"primaryImageOfPage":{"@id":"https:\/\/guatemalacvb.com\/event\/momentum-guatemala\/#primaryimage"},"image":{"@id":"https:\/\/guatemalacvb.com\/event\/momentum-guatemala\/#primaryimage"},"thumbnailUrl":"https:\/\/guatemalacvb.com\/wp-content\/uploads\/sites\/46\/2022\/03\/Momentum-Guatemala-Reserva-la-fecha.jpg","datePublished":"2022-03-10T15:55:41+00:00","dateModified":"2022-03-21T17:24:38+00:00","breadcrumb":{"@id":"https:\/\/guatemalacvb.com\/event\/momentum-guatemala\/#breadcrumb"},"inLanguage":"en-US","potentialAction":[{"@type":"ReadAction","target":["https:\/\/guatemalacvb.com\/event\/momentum-guatemala\/"]}]},{"@type":"ImageObject","inLanguage":"en-US","@id":"https:\/\/guatemalacvb.com\/event\/momentum-guatemala\/#primaryimage","url":"https:\/\/guatemalacvb.com\/wp-content\/uploads\/sites\/46\/2022\/03\/Momentum-Guatemala-Reserva-la-fecha.jpg","contentUrl":"https:\/\/guatemalacvb.com\/wp-content\/uploads\/sites\/46\/2022\/03\/Momentum-Guatemala-Reserva-la-fecha.jpg","width":1024,"height":1024},{"@type":"BreadcrumbList","@id":"https:\/\/guatemalacvb.com\/event\/momentum-guatemala\/#breadcrumb","itemListElement":[{"@type":"ListItem","position":1,"name":"Portada","item":"https:\/\/guatemalacvb.com\/en\/"},{"@type":"ListItem","position":2,"name":"Events","item":"https:\/\/guatemalacvb.com\/en\/events\/"},{"@type":"ListItem","position":3,"name":"Momentum Guatemala"}]},{"@type":"WebSite","@id":"https:\/\/guatemalacvb.com\/#website","url":"https:\/\/guatemalacvb.com\/","name":"Bur\u00f3 de Convenciones de Guatemala","description":"Destino de clase mundial para eventos","publisher":{"@id":"https:\/\/guatemalacvb.com\/#organization"},"potentialAction":[{"@type":"SearchAction","target":{"@type":"EntryPoint","urlTemplate":"https:\/\/guatemalacvb.com\/?s={search_term_string}"},"query-input":{"@type":"PropertyValueSpecification","valueRequired":true,"valueName":"search_term_string"}}],"inLanguage":"en-US"},{"@type":"Organization","@id":"https:\/\/guatemalacvb.com\/#organization","name":"Bur\u00f3 de Convenciones de Guatemala","url":"https:\/\/guatemalacvb.com\/","logo":{"@type":"ImageObject","inLanguage":"en-US","@id":"https:\/\/guatemalacvb.com\/#\/schema\/logo\/image\/","url":"https:\/\/guatemalacvb.com\/wp-content\/uploads\/sites\/46\/2021\/09\/menu-logo-2.png","contentUrl":"https:\/\/guatemalacvb.com\/wp-content\/uploads\/sites\/46\/2021\/09\/menu-logo-2.png","width":202,"height":96,"caption":"Bur\u00f3 de Convenciones de Guatemala"},"image":{"@id":"https:\/\/guatemalacvb.com\/#\/schema\/logo\/image\/"},"sameAs":["https:\/\/www.facebook.com\/BuroDeConvencionesGuatemala\/","https:\/\/x.com\/guatemalacvb","https:\/\/www.instagram.com\/burodeconvencionesdeguatemala\/","https:\/\/www.linkedin.com\/in\/bur\u00f3-de-convenciones-de-guatemala-971526157"]}]}},"_links":{"self":[{"href":"https:\/\/guatemalacvb.com\/en\/wp-json\/wp\/v2\/tribe_events\/16006","targetHints":{"allow":["GET"]}}],"collection":[{"href":"https:\/\/guatemalacvb.com\/en\/wp-json\/wp\/v2\/tribe_events"}],"about":[{"href":"https:\/\/guatemalacvb.com\/en\/wp-json\/wp\/v2\/types\/tribe_events"}],"author":[{"embeddable":true,"href":"https:\/\/guatemalacvb.com\/en\/wp-json\/wp\/v2\/users\/17"}],"replies":[{"embeddable":true,"href":"https:\/\/guatemalacvb.com\/en\/wp-json\/wp\/v2\/comments?post=16006"}],"version-history":[{"count":0,"href":"https:\/\/guatemalacvb.com\/en\/wp-json\/wp\/v2\/tribe_events\/16006\/revisions"}],"wp:featuredmedia":[{"embeddable":true,"href":"https:\/\/guatemalacvb.com\/en\/wp-json\/wp\/v2\/media\/16007"}],"wp:attachment":[{"href":"https:\/\/guatemalacvb.com\/en\/wp-json\/wp\/v2\/media?parent=16006"}],"wp:term":[{"taxonomy":"post_tag","embeddable":true,"href":"https:\/\/guatemalacvb.com\/en\/wp-json\/wp\/v2\/tags?post=16006"},{"taxonomy":"tribe_events_cat","embeddable":true,"href":"https:\/\/guatemalacvb.com\/en\/wp-json\/wp\/v2\/tribe_events_cat?post=16006"}],"curies":[{"name":"wp","href":"https:\/\/api.w.org\/{rel}","templated":true}]}}