{"id":18031,"date":"2025-03-05T11:09:51","date_gmt":"2025-03-05T17:09:51","guid":{"rendered":"https:\/\/guatemalacvb.com\/?post_type=tribe_events&#038;p=18031"},"modified":"2025-03-05T11:09:51","modified_gmt":"2025-03-05T17:09:51","slug":"iii-congreso-interamericano-de-cambio-climatico-dicc-aidis-y-i-congreso-nacional-dicc-agisa","status":"publish","type":"tribe_events","link":"https:\/\/guatemalacvb.com\/en\/event\/iii-congreso-interamericano-de-cambio-climatico-dicc-aidis-y-i-congreso-nacional-dicc-agisa\/","title":{"rendered":"III Congreso Interamericano de Cambio Clim\u00e1tico DICC\/AIDIS y I Congreso Nacional DICC\/AGISA"},"content":{"rendered":"<p style=\"font-weight: 400\">III Congreso Interamericano de Cambio Clim\u00e1tico DICC\/AIDIS y I Congreso Nacional DICC\/AGISA<\/p>\n<p style=\"font-weight: 400\">Del 23 al 25 de abril, la ciudad de Guatemala ser\u00e1 sede de un evento trascendental en la lucha contra el cambio clim\u00e1tico: el III Congreso Interamericano de Cambio Clim\u00e1tico DICC\/AIDIS y I Congreso Nacional DICC\/AGISA. Bajo el lema &#8220;Mitigaci\u00f3n y adaptaci\u00f3n al cambio clim\u00e1tico: La ciencia gu\u00eda, la sociedad act\u00faa, la pol\u00edtica transforma&#8221;, este congreso reunir\u00e1 a expertos, l\u00edderes gubernamentales, representantes de la sociedad civil y profesionales de diversas disciplinas para analizar, debatir y proponer soluciones innovadoras ante los desaf\u00edos del cambio clim\u00e1tico.<\/p>\n<p style=\"font-weight: 400\">El Hotel Real Intercontinental ser\u00e1 el punto de encuentro para tres d\u00edas de aprendizaje, networking y compromiso con un futuro sostenible.<\/p>\n<p style=\"font-weight: 400\">M\u00e1s informaci\u00f3n:\u00a0<a href=\"https:\/\/www.agisa.org.gt\/iii-congreso-interamericano-de-cambio-climatico-de-aidis-y-i-congreso-nacional-de-agisa\/\" data-saferedirecturl=\"https:\/\/www.google.com\/url?q=https:\/\/www.agisa.org.gt\/iii-congreso-interamericano-de-cambio-climatico-de-aidis-y-i-congreso-nacional-de-agisa\/&amp;source=gmail&amp;ust=1741280567712000&amp;usg=AOvVaw2f1oqIAZKyFA2rqFosssRp\">https:\/\/www.agisa.org.gt\/iii-congreso-interamericano-de-cambio-climatico-de-aidis-y-i-congreso-nacional-de-agisa\/<\/a><\/p>\n","protected":false},"excerpt":{"rendered":"<p>III Congreso Interamericano de Cambio Clim\u00e1tico DICC\/AIDIS y I Congreso Nacional DICC\/AGISA Del 23 al 25 de abril, la ciudad de Guatemala ser\u00e1 sede de un evento trascendental en la [&hellip;]<\/p>\n","protected":false},"author":191,"featured_media":18032,"comment_status":"open","ping_status":"closed","template":"","meta":{"_et_pb_use_builder":"","_et_pb_old_content":"","_et_gb_content_width":"","_tribe_events_status":"","_tribe_events_status_reason":"","footnotes":""},"tags":[],"tribe_events_cat":[],"class_list":["post-18031","tribe_events","type-tribe_events","status-publish","has-post-thumbnail","hentry"],"yoast_head":"<!-- This site is optimized with the Yoast SEO plugin v25.0 - https:\/\/yoast.com\/wordpress\/plugins\/seo\/ -->\n<title>III Congreso Interamericano de Cambio Clim\u00e1tico DICC\/AIDIS y I Congreso Nacional DICC\/AGISA - Bur\u00f3 de Convenciones de Guatemala<\/title>\n<meta name=\"robots\" content=\"index, follow, max-snippet:-1, max-image-preview:large, max-video-preview:-1\" \/>\n<link rel=\"canonical\" href=\"https:\/\/guatemalacvb.com\/event\/iii-congreso-interamericano-de-cambio-climatico-dicc-aidis-y-i-congreso-nacional-dicc-agisa\/\" \/>\n<meta property=\"og:locale\" content=\"en_US\" \/>\n<meta property=\"og:type\" content=\"article\" \/>\n<meta property=\"og:title\" content=\"III Congreso Interamericano de Cambio Clim\u00e1tico DICC\/AIDIS y I Congreso Nacional DICC\/AGISA - Bur\u00f3 de Convenciones de Guatemala\" \/>\n<meta property=\"og:description\" content=\"III Congreso Interamericano de Cambio Clim\u00e1tico DICC\/AIDIS y I Congreso Nacional DICC\/AGISA Del 23 al 25 de abril, la ciudad de Guatemala ser\u00e1 sede de un evento trascendental en la [&hellip;]\" \/>\n<meta property=\"og:url\" content=\"https:\/\/guatemalacvb.com\/event\/iii-congreso-interamericano-de-cambio-climatico-dicc-aidis-y-i-congreso-nacional-dicc-agisa\/\" \/>\n<meta property=\"og:site_name\" content=\"Bur\u00f3 de Convenciones de Guatemala\" \/>\n<meta property=\"article:publisher\" content=\"https:\/\/www.facebook.com\/BuroDeConvencionesGuatemala\/\" \/>\n<meta property=\"og:image\" content=\"https:\/\/guatemalacvb.com\/wp-content\/uploads\/sites\/46\/2025\/03\/Congreso-Interamericano-de-Cambio-Climatico.jpg\" \/>\n\t<meta property=\"og:image:width\" content=\"680\" \/>\n\t<meta property=\"og:image:height\" content=\"783\" \/>\n\t<meta property=\"og:image:type\" content=\"image\/jpeg\" \/>\n<meta name=\"twitter:card\" content=\"summary_large_image\" \/>\n<meta name=\"twitter:site\" content=\"@guatemalacvb\" \/>\n<meta name=\"twitter:label1\" content=\"Est. reading time\" \/>\n\t<meta name=\"twitter:data1\" content=\"1 minute\" \/>\n<script type=\"application\/ld+json\" class=\"yoast-schema-graph\">{\"@context\":\"https:\/\/schema.org\",\"@graph\":[{\"@type\":\"WebPage\",\"@id\":\"https:\/\/guatemalacvb.com\/event\/iii-congreso-interamericano-de-cambio-climatico-dicc-aidis-y-i-congreso-nacional-dicc-agisa\/\",\"url\":\"https:\/\/guatemalacvb.com\/event\/iii-congreso-interamericano-de-cambio-climatico-dicc-aidis-y-i-congreso-nacional-dicc-agisa\/\",\"name\":\"III Congreso Interamericano de Cambio Clim\u00e1tico DICC\/AIDIS y I Congreso Nacional DICC\/AGISA - Bur\u00f3 de Convenciones de Guatemala\",\"isPartOf\":{\"@id\":\"https:\/\/guatemalacvb.com\/#website\"},\"primaryImageOfPage\":{\"@id\":\"https:\/\/guatemalacvb.com\/event\/iii-congreso-interamericano-de-cambio-climatico-dicc-aidis-y-i-congreso-nacional-dicc-agisa\/#primaryimage\"},\"image\":{\"@id\":\"https:\/\/guatemalacvb.com\/event\/iii-congreso-interamericano-de-cambio-climatico-dicc-aidis-y-i-congreso-nacional-dicc-agisa\/#primaryimage\"},\"thumbnailUrl\":\"https:\/\/guatemalacvb.com\/wp-content\/uploads\/sites\/46\/2025\/03\/Congreso-Interamericano-de-Cambio-Climatico.jpg\",\"datePublished\":\"2025-03-05T17:09:51+00:00\",\"breadcrumb\":{\"@id\":\"https:\/\/guatemalacvb.com\/event\/iii-congreso-interamericano-de-cambio-climatico-dicc-aidis-y-i-congreso-nacional-dicc-agisa\/#breadcrumb\"},\"inLanguage\":\"en-US\",\"potentialAction\":[{\"@type\":\"ReadAction\",\"target\":[\"https:\/\/guatemalacvb.com\/event\/iii-congreso-interamericano-de-cambio-climatico-dicc-aidis-y-i-congreso-nacional-dicc-agisa\/\"]}]},{\"@type\":\"ImageObject\",\"inLanguage\":\"en-US\",\"@id\":\"https:\/\/guatemalacvb.com\/event\/iii-congreso-interamericano-de-cambio-climatico-dicc-aidis-y-i-congreso-nacional-dicc-agisa\/#primaryimage\",\"url\":\"https:\/\/guatemalacvb.com\/wp-content\/uploads\/sites\/46\/2025\/03\/Congreso-Interamericano-de-Cambio-Climatico.jpg\",\"contentUrl\":\"https:\/\/guatemalacvb.com\/wp-content\/uploads\/sites\/46\/2025\/03\/Congreso-Interamericano-de-Cambio-Climatico.jpg\",\"width\":680,\"height\":783},{\"@type\":\"BreadcrumbList\",\"@id\":\"https:\/\/guatemalacvb.com\/event\/iii-congreso-interamericano-de-cambio-climatico-dicc-aidis-y-i-congreso-nacional-dicc-agisa\/#breadcrumb\",\"itemListElement\":[{\"@type\":\"ListItem\",\"position\":1,\"name\":\"Portada\",\"item\":\"https:\/\/guatemalacvb.com\/en\/\"},{\"@type\":\"ListItem\",\"position\":2,\"name\":\"Events\",\"item\":\"https:\/\/guatemalacvb.com\/en\/events\/\"},{\"@type\":\"ListItem\",\"position\":3,\"name\":\"III Congreso Interamericano de Cambio Clim\u00e1tico DICC\/AIDIS y I Congreso Nacional DICC\/AGISA\"}]},{\"@type\":\"WebSite\",\"@id\":\"https:\/\/guatemalacvb.com\/#website\",\"url\":\"https:\/\/guatemalacvb.com\/\",\"name\":\"Bur\u00f3 de Convenciones de Guatemala\",\"description\":\"Destino de clase mundial para eventos\",\"publisher\":{\"@id\":\"https:\/\/guatemalacvb.com\/#organization\"},\"potentialAction\":[{\"@type\":\"SearchAction\",\"target\":{\"@type\":\"EntryPoint\",\"urlTemplate\":\"https:\/\/guatemalacvb.com\/?s={search_term_string}\"},\"query-input\":{\"@type\":\"PropertyValueSpecification\",\"valueRequired\":true,\"valueName\":\"search_term_string\"}}],\"inLanguage\":\"en-US\"},{\"@type\":\"Organization\",\"@id\":\"https:\/\/guatemalacvb.com\/#organization\",\"name\":\"Bur\u00f3 de Convenciones de Guatemala\",\"url\":\"https:\/\/guatemalacvb.com\/\",\"logo\":{\"@type\":\"ImageObject\",\"inLanguage\":\"en-US\",\"@id\":\"https:\/\/guatemalacvb.com\/#\/schema\/logo\/image\/\",\"url\":\"https:\/\/guatemalacvb.com\/wp-content\/uploads\/sites\/46\/2021\/09\/menu-logo-2.png\",\"contentUrl\":\"https:\/\/guatemalacvb.com\/wp-content\/uploads\/sites\/46\/2021\/09\/menu-logo-2.png\",\"width\":202,\"height\":96,\"caption\":\"Bur\u00f3 de Convenciones de Guatemala\"},\"image\":{\"@id\":\"https:\/\/guatemalacvb.com\/#\/schema\/logo\/image\/\"},\"sameAs\":[\"https:\/\/www.facebook.com\/BuroDeConvencionesGuatemala\/\",\"https:\/\/x.com\/guatemalacvb\",\"https:\/\/www.instagram.com\/burodeconvencionesdeguatemala\/\",\"https:\/\/www.linkedin.com\/in\/bur\u00f3-de-convenciones-de-guatemala-971526157\"]}]}<\/script>\n<!-- \/ Yoast SEO plugin. -->","yoast_head_json":{"title":"III Congreso Interamericano de Cambio Clim\u00e1tico DICC\/AIDIS y I Congreso Nacional DICC\/AGISA - Bur\u00f3 de Convenciones de Guatemala","robots":{"index":"index","follow":"follow","max-snippet":"max-snippet:-1","max-image-preview":"max-image-preview:large","max-video-preview":"max-video-preview:-1"},"canonical":"https:\/\/guatemalacvb.com\/event\/iii-congreso-interamericano-de-cambio-climatico-dicc-aidis-y-i-congreso-nacional-dicc-agisa\/","og_locale":"en_US","og_type":"article","og_title":"III Congreso Interamericano de Cambio Clim\u00e1tico DICC\/AIDIS y I Congreso Nacional DICC\/AGISA - Bur\u00f3 de Convenciones de Guatemala","og_description":"III Congreso Interamericano de Cambio Clim\u00e1tico DICC\/AIDIS y I Congreso Nacional DICC\/AGISA Del 23 al 25 de abril, la ciudad de Guatemala ser\u00e1 sede de un evento trascendental en la [&hellip;]","og_url":"https:\/\/guatemalacvb.com\/event\/iii-congreso-interamericano-de-cambio-climatico-dicc-aidis-y-i-congreso-nacional-dicc-agisa\/","og_site_name":"Bur\u00f3 de Convenciones de Guatemala","article_publisher":"https:\/\/www.facebook.com\/BuroDeConvencionesGuatemala\/","og_image":[{"width":680,"height":783,"url":"https:\/\/guatemalacvb.com\/wp-content\/uploads\/sites\/46\/2025\/03\/Congreso-Interamericano-de-Cambio-Climatico.jpg","type":"image\/jpeg"}],"twitter_card":"summary_large_image","twitter_site":"@guatemalacvb","twitter_misc":{"Est. reading time":"1 minute"},"schema":{"@context":"https:\/\/schema.org","@graph":[{"@type":"WebPage","@id":"https:\/\/guatemalacvb.com\/event\/iii-congreso-interamericano-de-cambio-climatico-dicc-aidis-y-i-congreso-nacional-dicc-agisa\/","url":"https:\/\/guatemalacvb.com\/event\/iii-congreso-interamericano-de-cambio-climatico-dicc-aidis-y-i-congreso-nacional-dicc-agisa\/","name":"III Congreso Interamericano de Cambio Clim\u00e1tico DICC\/AIDIS y I Congreso Nacional DICC\/AGISA - Bur\u00f3 de Convenciones de Guatemala","isPartOf":{"@id":"https:\/\/guatemalacvb.com\/#website"},"primaryImageOfPage":{"@id":"https:\/\/guatemalacvb.com\/event\/iii-congreso-interamericano-de-cambio-climatico-dicc-aidis-y-i-congreso-nacional-dicc-agisa\/#primaryimage"},"image":{"@id":"https:\/\/guatemalacvb.com\/event\/iii-congreso-interamericano-de-cambio-climatico-dicc-aidis-y-i-congreso-nacional-dicc-agisa\/#primaryimage"},"thumbnailUrl":"https:\/\/guatemalacvb.com\/wp-content\/uploads\/sites\/46\/2025\/03\/Congreso-Interamericano-de-Cambio-Climatico.jpg","datePublished":"2025-03-05T17:09:51+00:00","breadcrumb":{"@id":"https:\/\/guatemalacvb.com\/event\/iii-congreso-interamericano-de-cambio-climatico-dicc-aidis-y-i-congreso-nacional-dicc-agisa\/#breadcrumb"},"inLanguage":"en-US","potentialAction":[{"@type":"ReadAction","target":["https:\/\/guatemalacvb.com\/event\/iii-congreso-interamericano-de-cambio-climatico-dicc-aidis-y-i-congreso-nacional-dicc-agisa\/"]}]},{"@type":"ImageObject","inLanguage":"en-US","@id":"https:\/\/guatemalacvb.com\/event\/iii-congreso-interamericano-de-cambio-climatico-dicc-aidis-y-i-congreso-nacional-dicc-agisa\/#primaryimage","url":"https:\/\/guatemalacvb.com\/wp-content\/uploads\/sites\/46\/2025\/03\/Congreso-Interamericano-de-Cambio-Climatico.jpg","contentUrl":"https:\/\/guatemalacvb.com\/wp-content\/uploads\/sites\/46\/2025\/03\/Congreso-Interamericano-de-Cambio-Climatico.jpg","width":680,"height":783},{"@type":"BreadcrumbList","@id":"https:\/\/guatemalacvb.com\/event\/iii-congreso-interamericano-de-cambio-climatico-dicc-aidis-y-i-congreso-nacional-dicc-agisa\/#breadcrumb","itemListElement":[{"@type":"ListItem","position":1,"name":"Portada","item":"https:\/\/guatemalacvb.com\/en\/"},{"@type":"ListItem","position":2,"name":"Events","item":"https:\/\/guatemalacvb.com\/en\/events\/"},{"@type":"ListItem","position":3,"name":"III Congreso Interamericano de Cambio Clim\u00e1tico DICC\/AIDIS y I Congreso Nacional DICC\/AGISA"}]},{"@type":"WebSite","@id":"https:\/\/guatemalacvb.com\/#website","url":"https:\/\/guatemalacvb.com\/","name":"Bur\u00f3 de Convenciones de Guatemala","description":"Destino de clase mundial para eventos","publisher":{"@id":"https:\/\/guatemalacvb.com\/#organization"},"potentialAction":[{"@type":"SearchAction","target":{"@type":"EntryPoint","urlTemplate":"https:\/\/guatemalacvb.com\/?s={search_term_string}"},"query-input":{"@type":"PropertyValueSpecification","valueRequired":true,"valueName":"search_term_string"}}],"inLanguage":"en-US"},{"@type":"Organization","@id":"https:\/\/guatemalacvb.com\/#organization","name":"Bur\u00f3 de Convenciones de Guatemala","url":"https:\/\/guatemalacvb.com\/","logo":{"@type":"ImageObject","inLanguage":"en-US","@id":"https:\/\/guatemalacvb.com\/#\/schema\/logo\/image\/","url":"https:\/\/guatemalacvb.com\/wp-content\/uploads\/sites\/46\/2021\/09\/menu-logo-2.png","contentUrl":"https:\/\/guatemalacvb.com\/wp-content\/uploads\/sites\/46\/2021\/09\/menu-logo-2.png","width":202,"height":96,"caption":"Bur\u00f3 de Convenciones de Guatemala"},"image":{"@id":"https:\/\/guatemalacvb.com\/#\/schema\/logo\/image\/"},"sameAs":["https:\/\/www.facebook.com\/BuroDeConvencionesGuatemala\/","https:\/\/x.com\/guatemalacvb","https:\/\/www.instagram.com\/burodeconvencionesdeguatemala\/","https:\/\/www.linkedin.com\/in\/bur\u00f3-de-convenciones-de-guatemala-971526157"]}]}},"_links":{"self":[{"href":"https:\/\/guatemalacvb.com\/en\/wp-json\/wp\/v2\/tribe_events\/18031","targetHints":{"allow":["GET"]}}],"collection":[{"href":"https:\/\/guatemalacvb.com\/en\/wp-json\/wp\/v2\/tribe_events"}],"about":[{"href":"https:\/\/guatemalacvb.com\/en\/wp-json\/wp\/v2\/types\/tribe_events"}],"author":[{"embeddable":true,"href":"https:\/\/guatemalacvb.com\/en\/wp-json\/wp\/v2\/users\/191"}],"replies":[{"embeddable":true,"href":"https:\/\/guatemalacvb.com\/en\/wp-json\/wp\/v2\/comments?post=18031"}],"version-history":[{"count":0,"href":"https:\/\/guatemalacvb.com\/en\/wp-json\/wp\/v2\/tribe_events\/18031\/revisions"}],"wp:featuredmedia":[{"embeddable":true,"href":"https:\/\/guatemalacvb.com\/en\/wp-json\/wp\/v2\/media\/18032"}],"wp:attachment":[{"href":"https:\/\/guatemalacvb.com\/en\/wp-json\/wp\/v2\/media?parent=18031"}],"wp:term":[{"taxonomy":"post_tag","embeddable":true,"href":"https:\/\/guatemalacvb.com\/en\/wp-json\/wp\/v2\/tags?post=18031"},{"taxonomy":"tribe_events_cat","embeddable":true,"href":"https:\/\/guatemalacvb.com\/en\/wp-json\/wp\/v2\/tribe_events_cat?post=18031"}],"curies":[{"name":"wp","href":"https:\/\/api.w.org\/{rel}","templated":true}]}}